{"id":3813,"date":"2020-03-01T13:29:49","date_gmt":"2020-03-01T12:29:49","guid":{"rendered":"http:\/\/www.enda.fr\/?page_id=3813"},"modified":"2020-03-01T13:29:49","modified_gmt":"2020-03-01T12:29:49","slug":"ecole-de-printemps","status":"publish","type":"page","link":"https:\/\/www.enda.fr\/es\/ecole-de-printemps\/","title":{"rendered":"Ecole de printemps"},"content":{"rendered":"\n<p>Ecole de Printemps \u00e0 Paris<\/p>\n\n\n\n<p>Programme de formation \u00e0 Paris, du 21 janvier au 2 f\u00e9vrier 2019<\/p>\n\n\n\n<p>L&#8217;ENDA lance une Ecole de Printemps de deux semaines constitu\u00e9e d&#8217;ateliers pratiques et th\u00e9oriques qui s\u2019enchainent dans une dynamique compl\u00e9mentaire.&nbsp;Elle mettra \u00e0 l\u2019oeuvre des processus de reformulation que les participant.e.s pourront librement orienter vers leurs pratiques artistiques, leurs vies professionnelles ou des questions qu\u2019ils consid\u00e8rent comme essentielles.<\/p>\n\n\n\n<p>L&#8217;Ecole de Printemps est la premi\u00e8re \u00e9cole d&#8217;art int\u00e9gralement traduite en chinois. Ouverte \u00e0 tous publics, elle propose aux participants de vivre deux semaines d&#8217;interculturalit\u00e9 entre artistes francophones et sinophones.<\/p>\n\n\n\n<p>Le programme de l&#8217;Ecole de Printemps permet \u00e0 ses participant.e.s :<\/p>\n\n\n\n<ul><li>d&#8217;exp\u00e9rimenter une pratique de l\u2019art affranchie des mod\u00e8les impos\u00e9es,<\/li><li>de prospecter des nouvelles mani\u00e8res d&#8217;\u00eatre \u00e0 l&#8217;art,<\/li><li>de b\u00e9n\u00e9ficier d&#8217;un cadre qui incite \u00e0 l&#8217;inventivit\u00e9,<\/li><li>de se forger un point de vue inattendu sur l\u2019art,<\/li><li>d\u2019envisager une activit\u00e9 artistique n\u00e9cessitant des moyens financiers n\u00e9gligeables ou nuls,<\/li><li>de mettre en place une \u00e9conomie adapt\u00e9e \u00e0 la sp\u00e9cificit\u00e9 de son activit\u00e9,<\/li><li>d\u2019appliquer des comp\u00e9tences acquises \u00e0 tous les aspects de sa vie professionnelle et priv\u00e9e.<\/li><\/ul>\n\n\n\n<p>Le programme est compos\u00e9 de dix modules de travail th\u00e9orique et pratique de trois heures chacun encadr\u00e9s par le personnel de l\u2019ENDA. Il permet de formuler un projet singulier et de le r\u00e9aliser par la suite en toute autonomie.<\/p>\n\n\n\n<p>Apr\u00e8s la fin du programme l&#8217;ENDA d\u00e9livre une attestation accompagn\u00e9e d&#8217;un compte-rendu r\u00e9sumant le travail effectu\u00e9.<\/p>\n\n\n\n<p>Aucun pr\u00e9-requis d\u2019admission n\u2019est exig\u00e9 pour envoyer une candidature. Le nombre de participant.e.s s\u00e9lectionn\u00e9.e.s \u00e9tant limit\u00e9, les candidats sont invit\u00e9s \u00e0 envoyer leurs candidatures le plus t\u00f4t possible.<\/p>\n\n\n\n<p>L\u2019admission s\u2019effectue&nbsp;sur demande \u00e0&nbsp;candidatures@enda.fr&nbsp;<\/p>\n\n\n\n<p>Date limite de candidature : Le 15 d\u00e9cembre 2018<\/p>\n\n\n\n<p>Coordinatrice<br>\nLingyun Wang<\/p>\n\n\n\n<p>\u2014<\/p>\n\n\n\n<p>PROGRAMME<\/p>\n\n\n\n<p>Le programme de l&#8217;Ecole de Printemps de l\u2019ENDA \u00e0 \u00e9t\u00e9 pens\u00e9 pour mettre en pratique sur une courte p\u00e9riode, les m\u00e9thodes de travail et les lignes de recherches d\u00e9velopp\u00e9es par l\u2019\u00c9cole nationale d\u2019art (ENDA). Son programme se d\u00e9ploie sur un lieu diff\u00e9rent chaque jour.<\/p>\n\n\n\n<p>Le lundi 21 janvier 2019<\/p>\n\n\n\n<p>MATIN<\/p>\n\n\n\n<p>Introduction<br>\n\u00ab Petit d\u00e9jeuner d\u2019introduction au programme \u00bb<br>\n10h00 &#8211; 11h00<br>\nLes participant.e.s d\u00e9couvrent et relisent le programme de l&#8217;Ecole de Printemps de l\u2019ENDA.<br>\nIntervenant.e.s : Lingyun Wang, Alexandre Gurita, Baptiste Pays, Ludovic de Vita<\/p>\n\n\n\n<p>Module 1<\/p>\n\n\n\n<p>11h00 \u00e0 13h00<br>\nTitre : \u00ab L\u2019invisuel \u00bb<br>\nDur\u00e9e : 2h<br>\nLDRE : INVISUEL<br>\nLDRE sec. : CULTURE G\u00c9N\u00c9RALE<br>\nM\u00e9thode : Pr\u00e9sentation et discussion<br>\nIntensit\u00e9 : Difficile<br>\nIntervenant : &nbsp; Alexandre Gurita<\/p>\n\n\n\n<p>Partie 1<br>\n\u00ab L\u2019invisuel \u00bb<br>\nUne introduction \u00e0 l\u2019invisuel, \u00e0 l\u2019\u00e9tat d\u2019esprit qui le caract\u00e9rise et aux enjeux sur le plan de l\u2019art, suivi d\u2019exemples de pratiques artistiques.<\/p>\n\n\n\n<p>Partie 2<br>\n\u00ab R\u00e9actions \u00bb<br>\nDiscussions sur ce qui vient d\u2019\u00eatre dit, commentaires associ\u00e9s \u00e0 la pr\u00e9sentation et \u00e0 la notion d\u2019invisuel.<\/p>\n\n\n\n<p>APRES-MIDI<\/p>\n\n\n\n<p>Module Externe<\/p>\n\n\n\n<p>Les apr\u00e8s-midi sont consacr\u00e9es \u00e0 la visite de lieux embl\u00e9matiques \u00e0 Paris suivant la liste ci-dessous :<br>\nCentre Pompidou<br>\nPalais de Tokyo<br>\nJeu de Paume<br>\nLe Louvre<br>\nMus\u00e9e d&#8217;Orsay<br>\nMus\u00e9e Picasso<br>\nCit\u00e9 des Sciences et de l&#8217;Industrie<br>\nFondation Cartier<br>\nFondation Louis Vuitton<br>\nMus\u00e9e Rodin<\/p>\n\n\n\n<p>Liste non conventionnelle :<br>\nInstitut du Monde Arabe<br>\nMus\u00e9e Guimet<br>\nHistoire de l&#8217;immigration<br>\nFranc-Ma\u00e7onnerie<br>\nMagie et Automates<br>\nPalais de la D\u00e9couverte<br>\nMus\u00e9e du Quai Branly<br>\nMus\u00e9e du Vin<\/p>\n\n\n\n<p>Liste rouge :<br>\nLa catacombes<br>\nMus\u00e9e des \u00e9gouts<br>\nMus\u00e9e de l&#8217;\u00e9rotisme<br>\nMus\u00e9e du soutien gorge<\/p>\n\n\n\n<p>Culture parisienne :<br>\nGaleries Lafayette<br>\nPrintemps Haussmann<br>\nLe Bon March\u00e9<br>\nBHV<br>\nGalerie Vivienne<br>\nTour Eiffel<br>\nArc de Triomphe<br>\nChamps d&#8217;Elys\u00e9es<br>\nBiblioth\u00e8que Nationale de France<br>\nBiblioth\u00e8que Richelieu<br>\nJardin du Palais Royal<br>\nPlace Vend\u00f4me<br>\nPlace Saint Michel<br>\nQuartier Latin<br>\nGaleries du&nbsp;Marais<\/p>\n\n\n\n<p>Le mardi 22 janvier 2019<\/p>\n\n\n\n<p>MATIN<\/p>\n\n\n\n<p>Module 2<br>\n11h00 \u00e0 13h00<br>\nTitre : \u00ab Pratiquer l\u2019institution \u00bb<br>\nDur\u00e9e : 3h<br>\nLDRE : PRATIQUER L\u2019INSTITUTION<br>\nLDRE sec. : LAT\u00c9RALE<br>\nM\u00e9thode : Pr\u00e9sentation et discussion Intensit\u00e9 : Difficile<br>\nIntervenant : Baptiste Pays<\/p>\n\n\n\n<p>Contenu : \u00ab Pratiquer l\u2019institution \u00bb<br>\nQue peut-on faire avec une institution artistique aujourd\u2019hui ?<br>\nPratiquer l\u2019institution d\u00e9signe le fait de consid\u00e9rer l\u2019institution comme un format artistique \u00e0 part enti\u00e8re. Si l\u2019institution est g\u00e9n\u00e9ralement d\u00e9finie comme un \u00e9tablissement et un ensemble de r\u00e8gles, alors pratiquer l\u2019institution devient l\u2019appropriation de ces deux aspects dans l\u2019optique du d\u00e9veloppement d\u2019une pratique artistique qui joue de l\u2019id\u00e9ologie institutionelle. Elle engendre donc n\u00e9cessairement d\u2019autres formats que ceux de l\u2019oeuvre d\u2019art. Pratiquer l\u2019institution implique ainsi de nouvelles dynamiques de singularisations, dans tout type de syst\u00e8me en r\u00e9inventant le rapport entre l\u2019artiste et l\u2019institution.<\/p>\n\n\n\n<p>APRES-MIDI<\/p>\n\n\n\n<p>Module Externe<\/p>\n\n\n\n<p>Les apr\u00e8s-midi sont consacr\u00e9es \u00e0 la visite de lieux embl\u00e9matiques \u00e0 Paris suivant la liste pr\u00e9c\u00e9dente.<\/p>\n\n\n\n<p>Le mercredi 23 janvier 2019<\/p>\n\n\n\n<p>MATIN<\/p>\n\n\n\n<p>Module 3<br>\n10h00 \u00e0 13h00<br>\nTitre : \u00ab Probl\u00e9matique et d\u00e9marche \u00bb<br>\nDur\u00e9e : 3h<br>\nLDRE : SUIVI<br>\nLDRE sec. : TERMINOLOGIE<br>\nM\u00e9thode : Formulation individuelle et collective Intensit\u00e9 : Nucl\u00e9aire<br>\nIntervenant : Les participant.e.s<\/p>\n\n\n\n<p>Contenu : Partie 1 : \u00ab Probl\u00e9matique \u00bb<br>\nFormulation d\u2019une probl\u00e9matique ou d\u2019une question qui s\u2019av\u00e8re fondamentale aux participant.e.s et qui refl\u00e8te leurs singularit\u00e9s ou leurs choix.<\/p>\n\n\n\n<p>Partie 2 : \u00ab Terme vecteur \u00bb<br>\nFormulation d\u2019un mot ou d\u2019une notion cl\u00e9 qui puisse caract\u00e9riser le plus possible la r\u00e9ponse du participant \u00e0 la probl\u00e9matique.<\/p>\n\n\n\n<p>Partie 3 : \u00ab D\u00e9marche\u00bb<br>\nLa probl\u00e9matique d\u00e9gage un terme vecteur autour duquel se formule une d\u00e9marche de travail.<\/p>\n\n\n\n<p>Partie 4 : \u00ab D\u00e9finition du projet \u00bb<br>\nFormulation d\u2019un projet permettant d\u2019exp\u00e9rimenter la d\u00e9marche.<\/p>\n\n\n\n<p>APRES-MIDI<\/p>\n\n\n\n<p>Module Externe<br>\nLes apr\u00e8s-midi sont consacr\u00e9es \u00e0 la visite de lieux embl\u00e9matiques \u00e0 Paris suivant la liste pr\u00e9c\u00e9dente.<\/p>\n\n\n\n<p>Le jeudi 24 janvier 2019<\/p>\n\n\n\n<p>MATIN<\/p>\n\n\n\n<p>Module 4<br>\n10h00 \u00e0 13h00<br>\nTitre : \u00ab Projet \u00bb<br>\nDur\u00e9e : 3h<br>\nLDRE : SUIVI<br>\nLDRE sec. : OUTILS ET M\u00c9THODES<br>\nM\u00e9thode : Formulation individuelle et collective Intensit\u00e9 : Nucl\u00e9aire<br>\nIntervenant : Les participant.e.s<\/p>\n\n\n\n<p>Contenu :<\/p>\n\n\n\n<p>Partie 1 : \u00ab Approche \u00bb Comment le participant compte r\u00e9aliser son projet, \u00e0 travers quel format ?<\/p>\n\n\n\n<p>Partie 2 : \u00ab Contours \u00bb Formuler les param\u00e8tres suivants pour son projet : son statut, sa diffusion, sa strat\u00e9gie, les ressources n\u00e9cessaires \u00e0 la r\u00e9alisation de son projet.<\/p>\n\n\n\n<p>Partie 3 : \u00ab Ajustements \u00bb Discussions libres et ajustements.<\/p>\n\n\n\n<p>Partie 4 : \u00ab Plan \u00bb Les grandes \u00e9tapes dans la r\u00e9alisation du projet.<\/p>\n\n\n\n<p>APRES-MIDI<\/p>\n\n\n\n<p>Module Externe<br>\nLes apr\u00e8s-midi sont consacr\u00e9es \u00e0 la visite de lieux embl\u00e9matiques \u00e0 Paris suivant la liste pr\u00e9c\u00e9dente.<\/p>\n\n\n\n<p>Le vendredi 25 janvier 2019<\/p>\n\n\n\n<p>MATIN<\/p>\n\n\n\n<p>Module 5<br>\n10h00 \u00e0 13h00<br>\nTitre : \u00ab Alter Economies \u00bb<br>\nDur\u00e9e : 3h<br>\nLDRE : \u00c9CONOMIES LDRE sec. : PRATIQUES<br>\nM\u00e9thode : Conf\u00e9rence et discussion Intensit\u00e9 : Dense<br>\nIntervenante : Rose Marie Barrientos<\/p>\n\n\n\n<p>Contenu :<br>\nPartie 1 : \u00ab Alter Economies \u00bb<br>\nProjection du film de Rose Marie Barrientos, critique et historienne de l\u2019art, membre fondateur de la ligne de recherche Art &amp; Flux de l\u2019Universit\u00e9 Paris 1 \u2013 Sorbonne.<\/p>\n\n\n\n<p>Partie 2 : \u00ab Discussion \u00bb<br>\nRose Marie Barrientos interviendra ensuite via skype depuis Barcelone pour discuter avec les participant.e.s.<\/p>\n\n\n\n<p>Partie 3 : \u00ab Economiser \u00bb<br>\nFormulation d\u2019une \u00e9conomie sp\u00e9cifique aux projets des participant.e.s.<\/p>\n\n\n\n<p>Le lundi 28 janvier 2019<\/p>\n\n\n\n<p>MATIN<\/p>\n\n\n\n<p>Module 6<br>\n10h00 \u00e0 13h00<br>\nTitre : \u00ab Validation terminologie \u00bb<br>\nDur\u00e9e : 3h<br>\nLDRE* : TERMINOLOGIE<br>\nLDRE sec. : SUIVI<br>\nM\u00e9thode : Discussion<br>\nIntensit\u00e9 : Atomique<br>\nIntervenant : Lingyun Wang<\/p>\n\n\n\n<p>Contenu : Reprise de points de compr\u00e9hension ou d&#8217;incompr\u00e9hension et validation de la terminologie en groupe avec l&#8217;ensemble des intervenants.<\/p>\n\n\n\n<p>APRES-MIDI<\/p>\n\n\n\n<p>Module Externe<br>\nLes apr\u00e8s-midi sont consacr\u00e9es \u00e0 la visite de lieux embl\u00e9matiques \u00e0 Paris suivant la liste pr\u00e9c\u00e9dente.<\/p>\n\n\n\n<p>Le mardi 29 janvier 2019<\/p>\n\n\n\n<p>MATIN<\/p>\n\n\n\n<p>Module 7<br>\n10h00 \u00e0 13h00<br>\nTitre : \u00ab Singularisation \u00bb<br>\nDur\u00e9e : 3h<br>\nLDRE* : PRATIQUES<br>\nLDRE sec. : SUIVI<br>\nM\u00e9thode : Pr\u00e9sentation et discussion Intensit\u00e9 : Dense<br>\nIntervenant : Ludovic de Vita<\/p>\n\n\n\n<p>Contenu : L\u2019IRISA (Institut de Recherche en Anthropologie de la Singularit\u00e9) a pour objectif d\u2019identifier les crit\u00e8res favorisant l\u2019\u00e9mergence de la singularit\u00e9 dans les processus de cr\u00e9ation et d\u2019innovation. L\u2019IRISA a pour vocation une compr\u00e9hension \u00e9largie des ph\u00e9nom\u00e8nes de singularit\u00e9 permettant aux chercheurs associ\u00e9s, ind\u00e9pendamment de leur domaine de recherche ou discipline de r\u00e9f\u00e9rence, de confronter et de reformuler leur pratique. Artiste et directeur de l\u2019IRISA Ludovic de Vita accompagnera les participant.e.s dans une lecture singuli\u00e8re de leurs projets.<\/p>\n\n\n\n<p>APRES-MIDI<\/p>\n\n\n\n<p>Module Externe<br>\nLes apr\u00e8s-midi sont consacr\u00e9es \u00e0 la visite de lieux embl\u00e9matiques \u00e0 Paris suivant la liste pr\u00e9c\u00e9dente.<\/p>\n\n\n\n<p>Le mercredi 30 janvier 2019<\/p>\n\n\n\n<p>MATIN<\/p>\n\n\n\n<p>Module 8<br>\n10h00 \u00e0 13h00<br>\nTitre : \u00ab Projection \u00bb<br>\nDur\u00e9e : 3h<br>\nLDRE : SUIVI LDRE sec. : LAT\u00c9RALE<br>\nM\u00e9thode : Projection du projet Intensit\u00e9 :Maintenue<br>\nIntervenant : Les participant.e.s<\/p>\n\n\n\n<p>Contenu :<\/p>\n\n\n\n<p>Partie 1 : \u00ab 10 ans de r\u00e9ussite \u00bb<br>\nLes participants imagineront la mani\u00e8re dont leurs projets se d\u00e9veloppent sur 10 ann\u00e9es de r\u00e9alisation. Cette projection aura comme particularit\u00e9 de se diriger vers une r\u00e9ussite in\u00e9luctable.<\/p>\n\n\n\n<p>Partie 2 : \u00ab P\u00e9rip\u00e9tie \u00bb<br>\nLe parcours ne se d\u00e9roule plus comme pr\u00e9vu. Comment se r\u00e9articule le sc\u00e9nario de r\u00e9ussite ?<\/p>\n\n\n\n<p>Partie 3 : \u00ab Pr\u00e9sentation interne \u00bb<br>\nLes participant.e.s pr\u00e9sentent au reste du groupe leurs projets et leurs projections. Cette lecture des projets permettra de pr\u00e9parer le rendu final des projets.<\/p>\n\n\n\n<p>Le jeudi 31 janvier 2019<\/p>\n\n\n\n<p>MATIN<\/p>\n\n\n\n<p>Module 9<\/p>\n\n\n\n<p>10h00 \u00e0 13h00<br>\nTitre : \u00ab R\u00e9alisation \u00bb<br>\nDur\u00e9e : 3h<br>\nLDRE : SUIVI<br>\nLDRE sec. : DES PARTICIPANTS<br>\nM\u00e9thode : Mise en \u0153uvre Intensit\u00e9 :Difficile<br>\nIntervenant : Les participant.e.s<\/p>\n\n\n\n<p>Contenu :<\/p>\n\n\n\n<p>\u00ab R\u00e9alisation du projet \u00bb<br>\nIl s\u2019agira pour les participant.e.s de d\u00e9finir l\u2019\u00e9tape originelle de la r\u00e9alisation de leurs projets. Cette \u00e9tape devra \u00eatre d\u00e9finie en rapport avec la pertinence du groupe.<\/p>\n\n\n\n<p>\u00ab Passer \u00e0 l\u2019action \u00bb<br>\nLes participant.e.s r\u00e9alisent cette premi\u00e8re \u00e9tape.<\/p>\n\n\n\n<p>APRES-MIDI<\/p>\n\n\n\n<p>Module Externe<\/p>\n\n\n\n<p>Les apr\u00e8s-midi sont consacr\u00e9es \u00e0 la visite de lieux embl\u00e9matiques \u00e0 Paris suivant la liste pr\u00e9c\u00e9dente.<\/p>\n\n\n\n<p>Le vendredi 1er f\u00e9vrier 2019<\/p>\n\n\n\n<p>MATIN<\/p>\n\n\n\n<p>Module 10 A<br>\n10h00 \u00e0 13h00<br>\nTitre : \u00ab Restitution publique I \u00bb<br>\nDur\u00e9e : 3h<br>\nLDRE : SUIVI<br>\nLDRE sec. : PRATIQUES<br>\nM\u00e9thode : Pr\u00e9sentation des travaux<br>\nIntensit\u00e9 :Difficile<br>\nIntervenant : Les participant.e.s<\/p>\n\n\n\n<p>Contenu : Cette pr\u00e9sentation sera l\u2019occasion de synth\u00e9tiser l\u2019ensemble des recherches effectu\u00e9es lors de l&#8217;Ecole de Printemps. La pr\u00e9sentation publique permet \u00e9galement aux participant.e.s d\u2019inviter les personnes avec qui ils souhaitent mettre en relation leurs projets.<\/p>\n\n\n\n<p>APRES-MIDI<\/p>\n\n\n\n<p>Module 10 B<br>\n14h00 \u00e0 16h00<br>\nTitre : \u00ab Restitution publique II\u00bb<br>\nDur\u00e9e : 2h<br>\nLDRE : SUIVI<br>\nLDRE sec. : PRATIQUES<br>\nM\u00e9thode : Pr\u00e9sentation des travaux<br>\nIntensit\u00e9 : Difficile<br>\nIntervenant : Les participant.e.s<\/p>\n\n\n\n<p>Contenu : Cette pr\u00e9sentation sera l\u2019occasion de synth\u00e9tiser l\u2019ensemble des recherches effectu\u00e9es lors de l&#8217;Ecole de Printemps. La pr\u00e9sentation publique permet \u00e9galement aux participant.e.s d\u2019inviter les personnes avec qui ils souhaitent mettre en relation leurs projets.<\/p>\n\n\n\n<p>Module 11<br>\n18h &#8211; 00h<br>\nTitre : \u00ab Convivialit\u00e9 \u00bb<br>\nLDRE : CONVIVIALIT\u00c9<\/p>\n\n\n\n<p>Contenu : Cl\u00f4ture du programme et soir\u00e9e d&#8217;au revoir et temps de d\u00e9compression collective.<\/p>\n\n\n\n<p>Coordinatrice<br>\nLingyun Wang<br>\ncandidatures@enda.fr<\/p>\n","protected":false},"excerpt":{"rendered":"<p>Ecole de Printemps \u00e0 Paris Programme de formation \u00e0 Paris, du 21 janvier au 2 f\u00e9vrier 2019 L&#8217;ENDA lance une Ecole de Printemps de deux semaines constitu\u00e9e d&#8217;ateliers pratiques et th\u00e9oriques qui s\u2019enchainent dans une dynamique compl\u00e9mentaire.&nbsp;Elle mettra \u00e0 l\u2019oeuvre des processus de reformulation que les participant.e.s pourront librement orienter vers leurs pratiques artistiques, leurs [&hellip;]<\/p>\n","protected":false},"author":1,"featured_media":0,"parent":0,"menu_order":0,"comment_status":"closed","ping_status":"closed","template":"","meta":{"_coblocks_attr":"","_coblocks_dimensions":"","_coblocks_responsive_height":"","_coblocks_accordion_ie_support":"","footnotes":""},"_links":{"self":[{"href":"https:\/\/www.enda.fr\/es\/wp-json\/wp\/v2\/pages\/3813"}],"collection":[{"href":"https:\/\/www.enda.fr\/es\/wp-json\/wp\/v2\/pages"}],"about":[{"href":"https:\/\/www.enda.fr\/es\/wp-json\/wp\/v2\/types\/page"}],"author":[{"embeddable":true,"href":"https:\/\/www.enda.fr\/es\/wp-json\/wp\/v2\/users\/1"}],"replies":[{"embeddable":true,"href":"https:\/\/www.enda.fr\/es\/wp-json\/wp\/v2\/comments?post=3813"}],"version-history":[{"count":1,"href":"https:\/\/www.enda.fr\/es\/wp-json\/wp\/v2\/pages\/3813\/revisions"}],"predecessor-version":[{"id":3814,"href":"https:\/\/www.enda.fr\/es\/wp-json\/wp\/v2\/pages\/3813\/revisions\/3814"}],"wp:attachment":[{"href":"https:\/\/www.enda.fr\/es\/wp-json\/wp\/v2\/media?parent=3813"}],"curies":[{"name":"wp","href":"https:\/\/api.w.org\/{rel}","templated":true}]}}