{"id":3832,"date":"2020-03-01T14:00:03","date_gmt":"2020-03-01T13:00:03","guid":{"rendered":"http:\/\/www.enda.fr\/?page_id=3832"},"modified":"2020-03-01T14:00:32","modified_gmt":"2020-03-01T13:00:32","slug":"le-programme-de-la-session-xviii-2018-2019","status":"publish","type":"page","link":"https:\/\/www.enda.fr\/es\/le-programme-de-la-session-xviii-2018-2019\/","title":{"rendered":"Le programme de la session XVIII, 2018-2019"},"content":{"rendered":"\n<p>Le programme ci dessous reprend et organise les normes acad\u00e9miques ainsi que les Lignes de Recherches et d\u2019Exp\u00e9rimentation (LDRE) sp\u00e9cifiques \u00e0 l&#8217;ENDA. Il est en revanche propre \u00e0 la session XII qui suit actuellement le programme 2017 (du 28 novembre 2017 au 7 juillet 2017).<\/p>\n\n\n\n<p>Indications de lecture<br>\nLDRE = Lignes de Recherches et d\u2019Exp\u00e9rimentation<br>\nN = Niveau de la LDRE trait\u00e9e<br>\nIntensit\u00e9 = ( de la plus intense \u00e0 la moins intense) nucl\u00e9aire \u2013 atomique &#8211; difficile &#8211; pleine &#8211; tr\u00e8s dense &#8211; dense &#8211; maintenue &#8211; zen &#8211; vide<\/p>\n\n\n\n<p>Lundi, le 28 novembre 2016 \u00e0 17h00<\/p>\n\n\n\n<p>LDRE primaire&nbsp;: LDRE CONVIVIALITE<\/p>\n\n\n\n<p>Titre du module : \u00ab&nbsp;Ouverture de la session XII \u00bb<br>\nContenu : La s\u00e9ance d&#8217;ouverture de session est consacr\u00e9e \u00e0 une pr\u00e9sentation d\u00e9taill\u00e9e de l&#8217;ENDA et du programme de la Session XII, 2016-2017. Questions pratiques, \u00e9tat d&#8217;esprit, r\u00e8glement interne, organigramme, fonctionnement et intervenants de la session seront \u00e0 l&#8217;ordre du jour.<br>\nDur\u00e9e&nbsp;: 3 heures<br>\nM\u00e9thode&nbsp;: Pr\u00e9sentation et discussions<br>\nIntensit\u00e9 : Tr\u00e8s dense<br>\nIntervenants : Personnel de l&#8217;ENDA, praticien(ne)s<br>\nLieu : Institut Culturel Italien<\/p>\n\n\n\n<p>Le jeudi 1er d\u00e9cembre 2016 de 10h00 \u00e0 13h00<\/p>\n\n\n\n<p>LDRE primaire&nbsp;: LDRE SUIVI<br>\nN 1 (1\/3)<br>\nLDRE secondaire&nbsp;: LDRE DES PRATICIEN(NE)S<\/p>\n\n\n\n<p>Titre du module : \u00ab&nbsp;Un point sur la situation actuelle des praticien(ne)s \u00bb<br>\nContenu : Durant trois modules, les praticien(ne)s font un \u00e9tat des lieux de leur activit\u00e9 en s&#8217;aidant d&#8217;une fiche qui leur est donn\u00e9e quelques jours avant le module.<br>\nDur\u00e9e&nbsp;: 20 minutes par praticien(ne).<br>\nM\u00e9thode : Pr\u00e9sentation individuelle et commentaires associ\u00e9es de prises de notes<br>\nIntensit\u00e9 : Pleine<br>\nIntervenants : Les praticien(ne)s<br>\nLieu : Chinatown Belleville<\/p>\n\n\n\n<p>Le jeudi 1er d\u00e9cembre 2016 de 15h00 \u00e0 18h00<\/p>\n\n\n\n<p>LDRE primaire&nbsp;: LDRE L&#8217;INVISUEL<br>\nN 1 A<br>\nLDRE secondaires&nbsp;: LDRE POLITIQUE, LDRE STRATEGIE<\/p>\n\n\n\n<p>Titre du module : \u00ab Introduction \u00e0 l&#8217;invisuel, un art sans oeuvre d\u2019art et sans image : aller \u00bb<br>\nContenu : L&#8217;invisuel est un art sans objet d&#8217;art sans \u0153uvre d&#8217;art et sans visuel, qui rel\u00e8ve d\u2019une visibilit\u00e9 qui n\u2019ob\u00e9it pas aux caract\u00e9ristiques visuelles de l&#8217;art.<br>\nAffirmation associ\u00e9e : \u00ab Nous n&#8217;avons aucune preuve que l&#8217;art est d\u00e9pendant de l&#8217;oeuvre d&#8217;art et pour cette raison nous pouvons supposer le contraire. \u00bb<br>\nMots et notions-cl\u00e9 associ\u00e9s : invisuel, invisible, immat\u00e9riel, ailleurs, autrement, lat\u00e9rale<br>\nDur\u00e9e&nbsp;: 3 heures<br>\nM\u00e9thode&nbsp;: Pr\u00e9sentation et discussions<br>\nIntensit\u00e9 : Difficile<br>\nIntervenant : Alexandre Gurita et les praticien(ne)s<br>\nLieu : Appartement d&#8217;Alexandre Gurita<\/p>\n\n\n\n<p>Le vendredi 2 d\u00e9cembre 2016 de 10h00 \u00e0 13h00<\/p>\n\n\n\n<p>LDRE primaire&nbsp;: LDRE SUIVI<br>\nN 1 (2\/3)<br>\nLDRE secondaire&nbsp;: LDRE DES PRATICIEN(NE)S<\/p>\n\n\n\n<p>Titre du module : \u00ab&nbsp;Un point sur la situation actuelle des praticien(ne)s \u00bb<br>\nContenu : Durant trois modules, les praticien(ne)s font un \u00e9tat des lieux de leur travail\/activit\u00e9 en s&#8217;aidant d&#8217;une fiche qui leur est donn\u00e9e quelques jours avant le module.<br>\nDur\u00e9e&nbsp;: 20 minutes par praticien(ne)s.<br>\nM\u00e9thode : Pr\u00e9sentation individuelle et commentaires associ\u00e9es de prises de notes<br>\nIntensit\u00e9 : Pleine<br>\nIntervenants : Les praticien(ne)s<br>\nLieu : La Recyclerie<\/p>\n\n\n\n<p>Le vendredi 2 d\u00e9cembre 2016 de 15h00 \u00e0 18h00<\/p>\n\n\n\n<p>LDRE primaire&nbsp;: LDRE L&#8217;INVISUEL<br>\nN 1 B<br>\nLDRE secondaires&nbsp;: LDRE POLITIQUE, LDRE STRATEGIE<\/p>\n\n\n\n<p>Titre du module : \u00ab Introduction \u00e0 l&#8217;invisuel, un art sans oeuvre d\u2019art et sans image : retour \u00bb<br>\nContenu : Les praticien(ne)s commentent l&#8217;invisuel.<br>\nM\u00e9thode : Pr\u00e9sentation et discussions<br>\nIntensit\u00e9 : Difficile<br>\nIntervenants : Alexandre Gurita et les praticien(ne)s<br>\nLieu : Carreau du Temple<\/p>\n\n\n\n<p>Le jeudi 8 d\u00e9cembre 2016 de 10h00 \u00e0 13h00<\/p>\n\n\n\n<p>LDRE primaire&nbsp;: LDRE SUIVI<br>\nN 1 (3\/3)<br>\nLDRE secondaire&nbsp;: LDRE DES PRATICIEN(NE)S<\/p>\n\n\n\n<p>Titre du module : \u00ab&nbsp;Un point sur la situation actuelle des praticien(ne)s \u00bb<br>\nContenu : Durant trois modules, les praticien(ne)s. font un \u00e9tat des lieux de leur travail\/activit\u00e9 en s&#8217;aidant d&#8217;une fiche qui leur est donn\u00e9e quelques jours avant le module.<br>\nDur\u00e9e&nbsp;: 20 minutes par praticien(ne)s.<br>\nM\u00e9thode : Pr\u00e9sentation individuelle et commentaires associ\u00e9es de prises de notes<br>\nIntensit\u00e9 : Pleine<br>\nIntervenants : Les praticien(ne)s.<br>\nLieu : Le Plateau<\/p>\n\n\n\n<p>Le jeudi 8 d\u00e9cembre 2016 de 15h00 \u00e0 18h00<\/p>\n\n\n\n<p>LDRE primaire&nbsp;: LDRE L&#8217;INVISUEL<br>\nN 2<br>\nLDRE secondaire&nbsp;: LDRE STRATEGIE<\/p>\n\n\n\n<p>Titre du module : \u00ab Le terrain, le contexte, l&#8217;environnement \u00bb<br>\nContenu : Dans quel monde de l&#8217;art vivons-nous et, d\u00e8s lors, comment r\u00e9agir ?<br>\nUne analyse critique du contexte et du contexte de l\u2019art.<br>\nExpression associ\u00e9e : \u00ab Celui qui voit un probl\u00e8me et qui ne fait rien fait partie du probl\u00e8me \u00bb.<br>\nMots et notions-cl\u00e9 associ\u00e9s : id\u00e9ologie, normes, de l&#8217;art, formatage, mim\u00e9tisme, conscience contextuelle, histoire, strat\u00e9gie.<br>\nM\u00e9thode : Pr\u00e9sentation et discussions<br>\nIntensit\u00e9 : Dense<br>\nIntervenant : Alexandre Gurita et les praticien(ne)s<br>\nLieu : Appartement de Marie<\/p>\n\n\n\n<p>Le vendredi 9 d\u00e9cembre 2016 de 10h00 \u00e0 13h00<\/p>\n\n\n\n<p>LDRE TERMINOLOGIE<br>\nN 1<\/p>\n\n\n\n<p>Titre du module : \u00ab G\u00e9n\u00e9ralit\u00e9s, introduction et notions de base \u00bb<br>\nN 2<br>\nTitre du module : \u00ab La terminologie dans l\u2019art, termes g\u00e9n\u00e9riques et termes sp\u00e9cifiques \u00bb<br>\nN 3<br>\nTitre du module : \u00ab Agent d&#8217;art, op\u00e9rer, manoeuvre, invisuel, critique augment\u00e9e, captation institutionnelle, public d\u2019indiff\u00e9rence\u2026 \u00bb<br>\nContenu : La terminologie est l\u2019ensemble des termes propres \u00e0 un domaine particulier. La langue n\u2019est pas une entit\u00e9 fig\u00e9e, le monde change, le vocabulaire \u00e9volue. Un terme na\u00eet souvent d\u2019une pratique existante qu\u2019il d\u00e9finit alors qu\u2019il n\u2019y avait pas de mot pour la nommer. Les termes se concr\u00e9tisent souvent \u00e0 l\u2019int\u00e9rieur des r\u00e9alit\u00e9s de l\u2019art qui ne les d\u00e9finissent pas mais les expriment. Le mot est actif, il peut d\u00e9crire, engendrer le r\u00e9el ou le modifier. Les termes dont on fait usage dans l\u2019art ne peuvent pas nommer certaines r\u00e9alit\u00e9s existantes, \u00e9mergentes ou \u00e0 venir. D\u2019autres sont n\u00e9cessaires. Ces termes n\u2019arr\u00eatent ni ne limitent les pratiques dont ils sont issus. Ils sont des vecteurs structurants et d\u2019influence sur l\u2019art.<br>\nM\u00e9thode : Pr\u00e9sentation et discussions<br>\nIntensit\u00e9 : Dense<br>\nIntervenant : Alexandre Gurita et les praticien(ne)s<br>\nLieu : Espace Khiasma<\/p>\n\n\n\n<p>Le vendredi 9 d\u00e9cembre 2016 de 15h00 \u00e0 18h00<\/p>\n\n\n\n<p>LDRE primaire&nbsp;: LDRE TERMINOLOGIE<br>\nN 4<br>\nLDRE secondaire&nbsp;: LDRE DES PRATICIEN(NE)S<\/p>\n\n\n\n<p>Titre du module : \u00ab La terminologie en pratique \u00bb<br>\nContenu : Les praticien(ne)s s&#8217;exercerons \u00e0 nommer des choses existantes ou pas existantes, \u00e0 jouer avec les mots et surtout \u00e0 trouver le mot juste pour toute chose. Bien nommer c&#8217;est bien \u00eatre inscrit dans le monde. Il s\u2019agit de prendre connaissance de l\u2019importance des mots et des notions, de leur r\u00f4le dans le langage et en rapport avec la pratique, de rattacher ses activit\u00e9s \u00e0 des termes ou notions.<br>\nM\u00e9thode : Formulations collectives<br>\nIntensit\u00e9 : Difficile<br>\nIntervenant : Baptiste Pays, Alexandre Gurita et les praticien(ne)s.<br>\nLieu : Institut Culturel Kurde<\/p>\n\n\n\n<p>Le jeudi 15 d\u00e9cembre 2016 de 10h00 \u00e0 13h00<\/p>\n\n\n\n<p>LDRE primaire&nbsp;: LDRE L&#8217;INVISUEL<br>\nN 3<br>\nLDRE secondaires&nbsp;: LDRE POLITIQUE, LDRE STRATEGIE<\/p>\n\n\n\n<p>Titre du module : \u00ab&nbsp;L&#8217;invisuel en pratiques&nbsp;\u00bb<br>\nContenu : Exemples de pratiques que l&#8217;on peut qualifier d&#8217;invisuelles, localis\u00e9es dans le monde et leur auteurs par ordre alphab\u00e9tique : Karen Andreassian, Guillaume Aubry, Gary Bigot, Fran\u00e7ois Deck, Meredith Degyansky, Jean-Baptiste Farkas, Dylan Gauthier, Alexandre Gurita, Andr\u00e9-\u00c9ric L\u00e9tourneau, Philippe Mairesse, Ricardo Mbarkho, Philippe Monjaret, Baptiste Pays, Hubert Renard, Olivier St\u00e9venart, Sylvain Soussan, Nicholas Vargelis, Liliane Viala. Pr\u00e9sentation de pratiques ou d&#8217;activit\u00e9s invisuelles \u00e0 travers le monde suivi de commentaires.<br>\nM\u00e9thode : Pr\u00e9sentation et discussions.<br>\nIntensit\u00e9 : Zen<br>\nIntervenant : Alexandre Gurita<br>\nLieu : Halle Saint-Pierre<\/p>\n\n\n\n<p>Le jeudi 15 d\u00e9cembre 2016 de 15h00 \u00e0 18h00<\/p>\n\n\n\n<p>LDRE primaire&nbsp;: LRDE SUIVI<br>\nN 2 (1\/3)<br>\nLDRE secondaire: LRDE DES PRATICIEN(NE)S<\/p>\n\n\n\n<p>Titre du module : \u00ab&nbsp;La d\u00e9marche&nbsp;\u00bb<br>\nContenu : Module consacr\u00e9 \u00e0 l&#8217;analyse et \u00e0 la formulation des d\u00e9marches des praticien(ne)s autour d&#8217;un mot cl\u00e9 caract\u00e9risant les singularit\u00e9s des praticien(ne)s.<br>\nM\u00e9thode : travail individuel et de groupe. Les praticien(ne)s ont un temps donn\u00e9 pour formuler en quelques caract\u00e8res (la dur\u00e9e et nombre de caract\u00e8res est donn\u00e9 au d\u00e9but du module) leur d\u00e9marche. Des discussions et des v\u00e9rifications avec des nombreux ajustements suivent apr\u00e8s chaque formulation.<br>\nIntensit\u00e9 : Atomique<br>\nIntervenant : Les praticien(ne)s<br>\nLieu : Halle Saint-Pierre<\/p>\n\n\n\n<p>Le vendredi 16 d\u00e9cembre 2016 de 10h00 \u00e0 13h00<\/p>\n\n\n\n<p>LDRE primaire&nbsp;: LRDE SUIVI<br>\nN 3 A<br>\nLDRE secondaire: LRDE DES PRATICIEN(NE)S<\/p>\n\n\n\n<p>Titre du module : \u00ab&nbsp;Projet d&#8217;un jour&nbsp;(solo) : Formulation \u00bb<br>\nContenu : Les praticien(ne)s imaginent un projet l\u00e9ger dont la r\u00e9alisation s&#8217;\u00e9tablit sur un jour choisi avant le 22 d\u00e9cembre 2016. Ce projet doit \u00eatre d\u00e9crit dans une \u00ab&nbsp;fiche activit\u00e9&nbsp;\u00bb d&#8217;une page au maximum.<br>\nM\u00e9thode : Travail individuel<br>\nIntensit\u00e9 : Atomique<br>\nIntervenant : Alexandre Gurita et les praticien(ne)s.<br>\nLieu : Mus\u00e9e d&#8217;Art Moderne de la ville de Paris<\/p>\n\n\n\n<p>Le vendredi 16 d\u00e9cembre 2016 de 15h00 \u00e0 18h00<\/p>\n\n\n\n<p>LDRE SUIVI<br>\nN 2 (2\/3)<\/p>\n\n\n\n<p>Titre du module : \u00ab&nbsp;La d\u00e9marche&nbsp;\u00bb<br>\nContenu : Module consacr\u00e9 \u00e0 l&#8217;analyse et \u00e0 la formulation des d\u00e9marches des praticien(ne)s autour d&#8217;un mot cl\u00e9 caract\u00e9risant les singularit\u00e9s des praticien(ne)s.<br>\nM\u00e9thode : S\u00e9ance clandestine. Travail individuel et de groupe. Les praticien(ne)s ont un temps donn\u00e9 pour formuler en quelques caract\u00e8res (la dur\u00e9e et nombre de caract\u00e8res est donn\u00e9 au d\u00e9but du module) leur d\u00e9marche. Des discussions et des v\u00e9rifications avec des nombreux ajustements suivent apr\u00e8s chaque formulation.<br>\nIntensit\u00e9 : Atomique<br>\nIntervenant : Baptiste Pays, Alexandre Gurita et les praticien(ne)s.<br>\nLieu : Gait\u00e9 Lyrique<\/p>\n\n\n\n<p>Le vendredi 16 d\u00e9cembre 2016 \u00e0 19h00<\/p>\n\n\n\n<p>LDRE CONVIVIALIT\u00c9<br>\nN2<\/p>\n\n\n\n<p>Titre du module : \u00ab \u201cR.E.P.A.S.\u201d R\u00e9union d&#8217;Etudes Post-Apocalyptique sur l&#8217;Art et son Syst\u00e8me \u00bb<br>\nContenu : Un groupe est rassembl\u00e9 secr\u00e8tement \u00e0 la Monnaie de Paris, une des plus vielle institution du monde, pendant une nuit. Au cours du repas organis\u00e9, les participants se pr\u00e9occupent du devenir de l\u2019Institution apr\u00e8s l\u2019apocalypse. Avant la fin du repas ils doivent pouvoir fournir un plan d\u2019action d\u00e9taill\u00e9 \u00e0 suivre en cas d\u2019apocalypse av\u00e9r\u00e9e. Dans le cadre de cette LDRE un d\u00eener de session aura lieu chaque premier samedi du mois \u00e0 20h00 pr\u00e9cises. Chaque d\u00eener est \u00e0 th\u00e8me. Cette LDRE a pour but de renforcer l\u2019amicalit\u00e9 et la convivialit\u00e9 entre les praticien(ne)s.<br>\nM\u00e9thode : Rencontre \u00e0 th\u00e8me distopique.<br>\nIntensit\u00e9 : Maintenue<br>\nIntervenants : Mathieu Pitkevicht, Alexandre Gurita, Baptiste Pays et les praticien(ne)s, le personnel de l&#8217;ENDA, invit\u00e9s<br>\nLieu : Monnaie de Paris<\/p>\n\n\n\n<p>Le jeudi 22 d\u00e9cembre 2016 de 10h00 \u00e0 13h00<\/p>\n\n\n\n<p>LRDE primaire&nbsp;: LRDE DES PRATICIENS<br>\nN 3 B<br>\nLRDE secondaire&nbsp;: LDRE SUIVI<\/p>\n\n\n\n<p>Premi\u00e8re partie du module<br>\nTitre du module : \u00ab&nbsp;Projet d&#8217;un jour&nbsp;(solo) : Rendu \u00bb<br>\nContenu : Les praticien(ne)s imaginent un projet l\u00e9ger dont la r\u00e9alisation s&#8217;\u00e9tablit sur un jour choisi avant le 22 d\u00e9cembre 2016. Ce projet doit \u00eatre d\u00e9crit dans une \u00ab&nbsp;fiche activit\u00e9&nbsp;\u00bb d&#8217;une page au maximum.<br>\nM\u00e9thode : Travail individuel de pr\u00e9sentation<br>\nIntensit\u00e9 : Zen<br>\nIntervenant : Les praticien(ne)s<br>\nLieu : Rue Dautancourt<\/p>\n\n\n\n<p>LDRE primaire&nbsp;: LDRE SUIVI<br>\nN 4 A<br>\nLDRE secondaire&nbsp;: LDRE COMMUN<\/p>\n\n\n\n<p>Deuxi\u00e8me partie du module<br>\nTitre du module : \u00ab&nbsp;Projet d&#8217;un jour&nbsp;(groupe) : Formulation&nbsp;\u00bb<br>\nContenu : Le praticien(ne)s imaginent un projet par groupes ou pour tout le groupe de session, dont la r\u00e9alisation s&#8217;\u00e9tablit sur un jour choisi avant le 5 janvier 2017. Ce projet doit \u00eatre d\u00e9crit dans une \u00ab&nbsp;fiche activit\u00e9&nbsp;\u00bb d&#8217;une page au maximum.<br>\nM\u00e9thode : Formulations collectives<br>\nIntensit\u00e9 : Atomique<br>\nIntervenant : Les praticien(ne)s<br>\nLieu : Rue Dautancourt<\/p>\n\n\n\n<p>Le jeudi 22 d\u00e9cembre 2016 de 15h00 \u00e0 18h00<\/p>\n\n\n\n<p>LDRE SUIVI<br>\nN 2 (3\/3)<\/p>\n\n\n\n<p>Titre du module : \u00ab&nbsp;La d\u00e9marche&nbsp;\u00bb<br>\nContenu : R\u00e9capitulation et lectures individuelles des d\u00e9finitions. Module consacr\u00e9 \u00e0 la lecture des d\u00e9marches des praticien(ne)s autour d&#8217;un mot cl\u00e9 caract\u00e9risant les singularit\u00e9s des praticien(ne)s. Lors de cette s\u00e9ance une r\u00e9\u00e9valuation et des ajustements des d\u00e9finitions seront faites. Cette s\u00e9ance peut \u00eatre publique et les praticien(ne)s peuvent avoir un invit\u00e9 de leur choix.<br>\nM\u00e9thode : S\u00e9ance clandestine. Du temps \u00e0 la station. Pour ce dernier travail sur la d\u00e9marche, c&#8217;est la notion de temps qui entrera comme contrainte principale de la formulation et de l&#8217;\u00e9criture collective, un trajet pour une d\u00e9marche.<br>\nIntensit\u00e9 : Difficile<br>\nIntervenant : Baptiste Pays, Alexandre Gurita et les praticien&nbsp;(ne)s<br>\nLieu&nbsp;: Ligne 7bis du m\u00e9tro parisien<\/p>\n\n\n\n<p>Le vendredi 23 d\u00e9cembre 2016 de 10h00 \u00e0 13h00<\/p>\n\n\n\n<p>LDRE SUIVI<br>\nN 5 (1\/3)<\/p>\n\n\n\n<p>Titre du module : \u00ab&nbsp;Le projet de session&nbsp;\u00bb<br>\nContenu : D\u00e9finition du projet. Les praticien(ne)s sont invit\u00e9s \u00e0 formuler leur projet de session. La relation entre la d\u00e9marche et le projet sera faite. \u00c0 partir de cette date, les praticien(ne)s m\u00e8nent un projet personnel ou de groupe qui sera leur projet Iheap. Ce projet devra \u00eatre formul\u00e9 dans un dossier complet et \u00eatre rendu au personnel de l&#8217;ENDA avant le 7 juillet 2015, jour de la cl\u00f4ture de la session XII. Le projet de session peut \u00eatre r\u00e9alis\u00e9 \u00e0 une date \u00e0 la convenance des praticien(ne)s, avant la fin de la session ou apr\u00e8s.<br>\nM\u00e9thode : Formulation individuelle et r\u00e9ajustement collectif<br>\nIntensit\u00e9 : Atomique<br>\nIntervenant : Travail individuel et de groupe<br>\nLieu : Institut Culturel Italien<\/p>\n\n\n\n<p>Le vendredi 23 d\u00e9cembre 2016 de 15h00 \u00e0 18h00<\/p>\n\n\n\n<p>LDRE SUIVI<br>\nN 5 (2\/3)<\/p>\n\n\n\n<p>Titre du module : \u00ab&nbsp;Project Management&nbsp;\u00bb<br>\nContenu : Mohammad Kalamouni est engag\u00e9 depuis plusieurs ann\u00e9es dans la gestion des nombreux camps de r\u00e9fugi\u00e9s, ainsi que pour les droits d\u00e9mocratique au Liban. Sa visite sera l&#8217;occasion d&#8217;\u00e9changer sur ses diff\u00e9rentes activit\u00e9s, son \u00e9tat d&#8217;esprit, et de mettre en place des ateliers de coaching dans l&#8217;organisation et la conduite de vos projets.<br>\nM\u00e9thode : Discussions<br>\nIntensit\u00e9 : Zen<br>\nIntervenant : Mohammad Kalamouni<br>\nLieu : Institut Culturel Italien<\/p>\n\n\n\n<p>Le jeudi 5 janvier 2017 de 10h00 \u00e0 13h00<\/p>\n\n\n\n<p>LDRE primaire&nbsp;: LDRE SUIVI<br>\nN 4 B<br>\nLDRE secondaire&nbsp;: LDRE COMMUN<\/p>\n\n\n\n<p>Premi\u00e8re partie du module<br>\nTitre du module : \u00ab&nbsp;Projet d&#8217;un jour&nbsp;(groupe) : Rendu \u00bb<br>\nContenu : Le praticien(ne)s imaginent un projet par groupes ou pour tout le groupe de session, dont la r\u00e9alisation s&#8217;\u00e9tablit sur un jour choisi avant le 5 janvier 2017. Ce projet doit \u00eatre d\u00e9crit dans une \u00ab&nbsp;fiche activit\u00e9&nbsp;\u00bb d&#8217;une page au maximum.<br>\nM\u00e9thode : Travail collectif<br>\nIntensit\u00e9 : Zen<br>\nIntervenant : Les praticien(ne)s<br>\nLieu : H\u00f4tel Salomon de Rothschild<\/p>\n\n\n\n<p>N 5 (3\/3)<\/p>\n\n\n\n<p>Deuxi\u00e8me partie du module<br>\nTitre du module : \u00ab&nbsp;Le projet de session&nbsp;\u00bb<br>\nContenu : D\u00e9finition du projet. Les praticien(ne)s sont invit\u00e9s \u00e0 formuler leur projet ENDA. La relation entre la d\u00e9marche et le projet sera faite. \u00c0 partir de cette date, les praticien(ne)s m\u00e8nent un projet personnel ou de groupe qui sera leur projet ENDA. Ce projet devra \u00eatre formul\u00e9 dans un dossier complet et \u00eatre rendu au personnel de l&#8217;ENDA avant le 7 juillet 2017. Le projet peut \u00eatre r\u00e9alis\u00e9 \u00e0 une date \u00e0 la convenance des praticien(ne)s, avant la fin de l&#8217;ann\u00e9e ou apr\u00e8s.<br>\nM\u00e9thode : Formulation individuelle et r\u00e9ajustement collectif<br>\nIntensit\u00e9 : Difficile<br>\nIntervenant : Alexandre Gurita, Baptiste Pays et les praticien(ne)s<br>\nLieu : H\u00f4tel Salomon de Rothschild<\/p>\n\n\n\n<p>Le jeudi 5 janvier 2017 de 15h00 \u00e0 18h00<\/p>\n\n\n\n<p>LDRE secondaire&nbsp;: LDRE TERMINOLOGIE<br>\nLDRE primaire&nbsp;: LDRE SUIVI<\/p>\n\n\n\n<p>Premi\u00e8re partie du module<br>\nN 6<\/p>\n\n\n\n<p>Titre du module : \u00ab&nbsp;Le titre du projet&nbsp;de session \u00bb<br>\nContenu : Formulation du titre pour le projet de session.<\/p>\n\n\n\n<p>Deuxi\u00e8me partie du module<br>\nN 7<\/p>\n\n\n\n<p>Titre du module : \u00ab&nbsp;Mots ou notions cl\u00e9 dans le projet&nbsp;de session \u00bb<br>\nContenu : Il s&#8217;agit dans ce module de formuler des mots et notions sp\u00e9cifiques au projet de session. Etablir un lien entre le mot cl\u00e9 de la d\u00e9marche (mot vecteur) et les mots et notions cl\u00e9s dans le projet.<br>\nM\u00e9thode : Retours collectifs sur la terminologie des projets<br>\nIntensit\u00e9 : Atomique<br>\nIntervenant : Alexandre Gurita, Baptiste Pays et les praticien(ne)s<br>\nLieu : H\u00f4tel Salomon de Rothschild<\/p>\n\n\n\n<p>Le vendredi 6 janvier 2017 de 10h00 \u00e0 13h00<\/p>\n\n\n\n<p>LDRE&nbsp;: LRDE CULTURE GENERALE<\/p>\n\n\n\n<p>Titre du module :&nbsp;\u00ab Du thermo-hygrographe \u00e0 la thermo-hygrom\u00e9trie \u00bb<br>\nContenu&nbsp;:Rencontre avec Gary Bigot \u00ab&nbsp;Le thermo-hygrographe comme concr\u00e9tisation mat\u00e9rielle parfaite. Rappel de mes travaux ant\u00e9rieurs, support \u00e0 mon attitude actuelle et \u00e0 mes aspirations futures. Je d\u00e9cide en 1985, \u00e0 titre de propri\u00e9t\u00e9 intellectuelle universelle, que chaque thermo-hygrographe est une oeuvre de moi.&nbsp;\u00bb<br>\nM\u00e9thode : Rencontre et discussion<br>\nIntensit\u00e9 : Dense<br>\nIntervenant : Gary Bigot<br>\nLieu : Mus\u00e9e d&#8217;Art Moderne de la Ville de Paris<\/p>\n\n\n\n<p>Le vendredi 6 janvier 2017 de 15h00 \u00e0 18h00<\/p>\n\n\n\n<p>LDRE SUIVI<\/p>\n\n\n\n<p>Premi\u00e8re partie du module<br>\nN 4 B<br>\nTitre du module : \u00ab&nbsp;Projet d&#8217;un jour&nbsp;(groupe) : Rendu&nbsp;\u00bb<br>\nContenu : Les praticien(ne)s rendent compte des projets d&#8217;un jour (groupe) r\u00e9alis\u00e9s ce jour et depuis la module du 22 d\u00e9cembre 2016.<br>\nM\u00e9thode : S\u00e9ance clandestine<br>\nIntensit\u00e9 : Vide<br>\nIntervenant : Les praticien(ne)s<br>\nLieu : Centre George Pompidou<\/p>\n\n\n\n<p>Deuxi\u00e8me partie du module<br>\nN 8<br>\nTitre du module&nbsp;: \u00ab&nbsp;R\u00e9capitulation des d\u00e9finitions des d\u00e9marches et des projets&nbsp;et leur mises en relation \u00bb<br>\nContenu&nbsp;: Relecture, discussions, critiques, mises en questions, v\u00e9rifications et rev\u00e9rifications des d\u00e9finitions des d\u00e9marches et des projets et mise en relation des deux \u00e0 l&#8217;aide de sch\u00e8mes \u00e0 l&#8217;aide d&#8217;un logiciel de mind mapping. Relations entre la d\u00e9marche et le ou les projets.<br>\nM\u00e9thode : S\u00e9ance clandestine quelque part dans les sous-sols du Centre Pompidou<br>\nIntensit\u00e9 : Tr\u00e8s dense<br>\nIntervenant : Les praticien(ne)s<br>\nLieu : Centre George Pompidou<\/p>\n\n\n\n<p>Le jeudi 12 janvier 2017 de 10h00 \u00e0 13h00<\/p>\n\n\n\n<p>LRDE primaire&nbsp;: LRDE SUIVI<br>\nLRDE secondaire&nbsp;: LRDE DES PRATICIENS<\/p>\n\n\n\n<p>Titre du Module&nbsp;: \u00ab&nbsp;Projet ENDA \u00bb<br>\nContenu&nbsp;: D\u00e9finition du projet. Les praticien(ne)s sont invit\u00e9s \u00e0 formuler leur projet ENDA. La relation entre la d\u00e9marche et le projet sera faite. \u00c0 partir de cette date, les praticien(ne)s m\u00e8nent un projet personnel ou de groupe qui sera leur projet ENDA. Ce projet devra \u00eatre formul\u00e9 dans un dossier complet et \u00eatre rendu au personnel de l&#8217;ENDA avant le 7 juillet 2017. Le projet peut \u00eatre r\u00e9alis\u00e9 \u00e0 une date \u00e0 la convenance des praticien(ne)s, avant la fin de l&#8217;ann\u00e9e ou apr\u00e8s.<br>\nM\u00e9thode&nbsp;: Reprise du clean language. A partir d&#8217;une m\u00e9thode \u00e9tablie, une r\u00e9appropriation de l&#8217;outil.<br>\nIntensit\u00e9 : Atomique<br>\nIntervenant : Baptiste Pays et les praticien(ne)s<br>\nLieu&nbsp;: Rue Richelieu<\/p>\n\n\n\n<p>Le jeudi 12 janvier 2017 de 15h00 \u00e0 18h00<\/p>\n\n\n\n<p>LRDE SUIVI<\/p>\n\n\n\n<p>Premi\u00e8re partie du module<br>\nTitre module : \u00ab&nbsp;Projet ENDA \u00bb<br>\nContenu&nbsp;:D\u00e9finition du projet. Les praticien(ne)s sont invit\u00e9s \u00e0 formuler leur projet ENDA. La relation entre la d\u00e9marche et le projet sera faite. \u00c0 partir de cette date, les praticien(ne)s m\u00e8nent un projet personnel ou de groupe qui sera leur projet ENDA. Ce projet devra \u00eatre formul\u00e9 dans un dossier complet et \u00eatre rendu au personnel de l&#8217;ENDA avant le 7 juillet 2017. Le projet peut \u00eatre r\u00e9alis\u00e9 \u00e0 une date \u00e0 la convenance des praticien(ne)s, avant la fin de l&#8217;ann\u00e9e ou apr\u00e8s.<br>\nM\u00e9thode&nbsp;: Reprise du clean language. A partir d&#8217;un m\u00e9thode \u00e9tablie, une r\u00e9appropriation de l&#8217;outil.<br>\nIntensit\u00e9 : Atomique<br>\nIntervenant : Baptiste Pays et les praticien(ne)s<\/p>\n\n\n\n<p>Deuxi\u00e8me partie du module<br>\nTitre du module : \u00ab&nbsp;Projet de groupe \u2013 Formulation\u00bb<br>\nContenu&nbsp;: Les praticien(ne)s imaginent un projet par groupes ou pour tout le groupe de praticien(ne)s. Ce projet doit \u00eatre d\u00e9crit dans une \u00ab fiche activit\u00e9 \u00bb d&#8217;une page au maximum.<br>\nIntensit\u00e9 : Nucl\u00e9aire<br>\nIntervenant : Les praticien(ne)<br>\nLieu&nbsp;: Rue Richelieu<\/p>\n\n\n\n<p>Le vendredi 13 janvier 2017 de 10h00 \u00e0 13h00<\/p>\n\n\n\n<p>LRDE SUIVI<br>\nLRDE PARA-ECONOMIE<\/p>\n\n\n\n<p>Titre du Module&nbsp;: \u00ab&nbsp;Projet ENDA \u00bb<br>\nContenu&nbsp;: R\u00e9capitulatif et lectures individuelles des projets de session. Module consacr\u00e9 \u00e0 la lecture des projets, suivie de commentaires. Lors de cette s\u00e9ance une r\u00e9\u00e9valuation et des ajustements des d\u00e9finitions seront faites. Cette s\u00e9ance peut \u00eatre publique et les praticien(ne)s peuvent avoir un invit\u00e9 de leur choix. \u00c0 partir de cette date, les praticien(ne)s m\u00e8nent un projet personnel ou de groupe qui sera leur projet ENDA. Cette \u00e9tape permettra d&#8217;engager le travail de cartographie de vos projets.<br>\nM\u00e9thode&nbsp;: Formulation collective<br>\nIntensit\u00e9 : Difficile<br>\nIntervenant : Les praticien(ne)s<br>\nLieu&nbsp;: Appartement de Marie<\/p>\n\n\n\n<p>Le vendredi 13 janvier 2017 de 15h00 \u00e0 18h00<\/p>\n\n\n\n<p>LRDE SUIVI<br>\nLRDE PARA-ECONOMIE<\/p>\n\n\n\n<p>Titre du Module&nbsp;: \u00ab&nbsp;Projet ENDA \u00bb<br>\nContenu&nbsp;: R\u00e9capitulatif et lectures individuelles des projets de session. Module consacr\u00e9 \u00e0 la lecture des projets, suivie de commentaires. Lors de cette s\u00e9ance une r\u00e9\u00e9valuation et des ajustements des d\u00e9finitions seront faites. Cette s\u00e9ance peut \u00eatre publique et les praticien(ne)s peuvent avoir un invit\u00e9 de leur choix. \u00c0 partir de cette date, les praticien(ne)s m\u00e8nent un projet personnel ou de groupe qui sera leur projet ENDA. Cette \u00e9tape permettra d&#8217;engager le travail de cartographie de vos projets.<br>\nM\u00e9thode&nbsp;: Formulation collective<br>\nIntervenant&nbsp;: Alexandre Gurita et les praticie(ne)s<br>\nLieu&nbsp;: Appartement de Marie<\/p>\n\n\n\n<p>Le jeudi 19 janvier 2017 de 10h00 \u00e0 13h00<\/p>\n\n\n\n<p>LDRE SUIVI<\/p>\n\n\n\n<p>Titre du module&nbsp;: \u00ab&nbsp;Projet ENDA \u00bb<br>\nContenu :<\/p>\n\n\n\n<ul><li>R\u00e9capitulatif et lectures individuelles des projets ENDA.<\/li><li>Le titre du projet ENDA: Formulation du titre pour le projet ENDA.<\/li><li>Mots ou notions cl\u00e9s : Il s&#8217;agit dans ce module de formuler des mots et notions sp\u00e9cifiques au projet ENDA. Etablir un lien entre le mot cl\u00e9 de la d\u00e9marche (mot vecteur)<br>\nM\u00e9thode&nbsp;: Formulation collective<br>\nIntensit\u00e9&nbsp;: Difficile<br>\nIntervenant&nbsp;: Les praticie(ne)s<br>\nLieu&nbsp;: Institut Culturel Bulgare<\/li><\/ul>\n\n\n\n<p>Le jeudi 19 janvier 2017 de 15h00 \u00e0 18h00<\/p>\n\n\n\n<p>LDRE SANS ART<\/p>\n\n\n\n<p>Titre du module : \u00ab Visite et rencontre \u00e0 Coop\u00e9tic \u00bb<br>\nContenu : Coop\u00e9tic est une coop\u00e9rative d&#8217;activit\u00e9s et d&#8217;entrepreneurs (CAE) d\u00e9di\u00e9e aux m\u00e9tiers de la communication, du web et de l&#8217;audiovisuel et des m\u00e9dias. Coop\u00e9tic apporte \u00e0 tout porteur de projet la possibilit\u00e9 de cr\u00e9er, tester et d\u00e9velopper son activit\u00e9 : sans s&#8217;immatriculer, en \u00e9tant salari\u00e9, en b\u00e9n\u00e9ficiant d&#8217;un accompagnement, au sein d&#8217;un r\u00e9seau de professionnels du multim\u00e9dia. Pour les porteurs de projets, attach\u00e9s au statut de salari\u00e9 et \u00e0 la s\u00e9curit\u00e9 qu&#8217;il procure, la CAE apporte une r\u00e9ponse adapt\u00e9e : elle leur permet d\u2019entreprendre de fa\u00e7on autonome tout en b\u00e9n\u00e9ficiant des avantages du salariat.<br>\nM\u00e9thode : Rencontre et discussions<br>\nIntensit\u00e9 : Vide<br>\nIntervenant : Coop\u00e9tic<br>\nLieu : Coop\u00e9tic<\/p>\n\n\n\n<p>Le vendredi 20 janvier 2017 de 10h00 \u00e0 13h00<\/p>\n\n\n\n<p>LDRE SANS ART<\/p>\n\n\n\n<p>Titre du module : \u00ab&nbsp;Rencontre avec ABAC D\u00e9tective\u00bb<br>\nContenu : ABAC D\u00e9tective est une agence de d\u00e9tectives priv\u00e9s install\u00e9e \u00e0 Paris, Levallois Perret, Nice et Cannes. Son \u00e9quipe est compos\u00e9e d&#8217;enqu\u00eateurs sp\u00e9cialis\u00e9s dans de nombreux domaines comme la filatures auto &#8211; moto, surveillances, photos, vid\u00e9os\u2026. L&#8217;\u00e9tat d&#8217;esprit d&#8217;un d\u00e9tective, sa discr\u00e9tion et sa pr\u00e9paration \u00e0 l&#8217;action sur le terrain, permettront d&#8217;aborder les questions de strat\u00e9gies.<br>\nM\u00e9thode : Rencontre et discussions<br>\nIntensit\u00e9 : Vide<br>\nIntervenant : ABAC D\u00e9tectives<br>\nLieu : ABAC D\u00e9tective<\/p>\n\n\n\n<p>Le vendredi 20 janvier 2017 de 15h00 \u00e0 18h00<\/p>\n\n\n\n<p>LDRE primaire&nbsp;: LRDE CULTURE GENERALE<br>\nLRDE secondaire&nbsp;: LRDE COMMUN<\/p>\n\n\n\n<p>Titre du module : \u00ab&nbsp;LRDE Commun fa\u00e7on Commune (de Paris) \u00bb<br>\nContenu : Les lignes communes sont des rencontres entre praticien(ne)s pendant lesquelles ils partagent leurs ressources. C\u2019est un lieu d\u2019entraide leur permettant de mettre \u00e0 l\u2019\u00e9preuve leurs d\u00e9marches respectives en vue de progresser. Cette LDRE est consacr\u00e9e \u00e0 la mise en commun et au partage de sources et ressources des praticien(ne)s : relations, plans, opportunit\u00e9s, facilit\u00e9s, etc. Cette mutualisation des ressources s\u2019\u00e9tablit parfois entre amis volontairement ou accidentellement. Il s\u2019agit dans cette LDRE de structurer et syst\u00e9matiser ces \u00e9changes.<br>\nM\u00e9thode : Rencontre et discussions<br>\nIntensit\u00e9 : Maintenue<br>\nIntervenant : Intervention de Marc Lagana de l&#8217;association des Amies et Amis de la Commune de Paris 1871 et Lucio Urtubia fondateur de l&#8217;espace Louise Michel<br>\nLieu : Espace Louise Michel<\/p>\n\n\n\n<p>Le jeudi 26 janvier 2017 de 10h00 \u00e0 13h00<\/p>\n\n\n\n<p>N 10 A<br>\nLDRE secondaire&nbsp;: LDRE METHODES<\/p>\n\n\n\n<p>Titre du module : \u00ab&nbsp;Cartographie du projet&nbsp;\u00bb<br>\nContenu : Les praticien(ne)s doivent r\u00e9aliser des cartographies mentales de leur projet de session dans les d\u00e9tails. Le projet sera segment\u00e9. Pr\u00e9sentation des cartes qu&#8217;ils auront \u00e0 r\u00e9aliser. Un bilan et des discussions auront lieu par la suite. Travail sur les projets de session et notamment sur les cartographies r\u00e9alis\u00e9es individuellement ou en groupe. Lors de cette s\u00e9ance de travail seront examin\u00e9s les diff\u00e9rentes composantes des projets. R\u00e9aliser les cartographies suivantes \u00e0 l&#8217;aide d&#8217;un logiciel de mind mapping \/ cartes heuristiques :<\/p>\n\n\n\n<p>Carte N\u00b01: La relation entre la d\u00e9marche et le ou les projets<br>\nQuels sont les liens entre la d\u00e9marche et le ou les projets ? (lecture du travail fait lors de la s\u00e9ance pr\u00e9c\u00e9dente)<br>\nCarte N\u00b02: La segmentation du projet<br>\nDe quoi le projet est-il fait ? Quelles sont ses composantes ?<br>\nCarte N\u00b03 : Les objectifs du projet<br>\nQuels sont les objectifs du projet?<br>\nCarte N\u00b04 : Les enjeux du projet<br>\nQuelles sont les implications\/cons\u00e9quences engendr\u00e9es par le projet?<br>\nCarte N\u00b06 : Le strat\u00e9gie du projet<br>\nQuels sont les 5 points faibles et les 5 points forts du projet ?<br>\nCarte N\u00b07 : Les statuts de l&#8217;auteur et du projet<br>\nQuels sont les statuts de l&#8217;auteur dans ses modes op\u00e9ratoires ? (Le statut l\u00e9gal, personnel, le statut de la structure \u00e0 travers laquelle il op\u00e8re\u2026)<br>\nCarte N\u00b08 : L&#8217;\u00e9conomie du projet<br>\nQuelle est l&#8217;\u00e9conomie du projet&nbsp;?<br>\nCarte N\u00b09 : La communication<br>\nQuelle est la communication du projet ?<br>\nCarte N\u00b010 : Les ressources humaines du projet<br>\nQui travaille pour le projet&nbsp;? (Faire un organigramme avec les status, les r\u00f4les, les taches principales.)<br>\nM\u00e9thode : Tout le monde travaille pour tout le monde.<br>\nIntensit\u00e9 : Difficile<br>\nIntervenant : Baptiste Pays et les praticien(ne)s<br>\nLieu : Les Laboratoires d&#8217;Aubervilliers<\/p>\n\n\n\n<p>Le jeudi 26 janvier 2017 de 15h00 \u00e0 18h00<\/p>\n\n\n\n<p>LDRE PARA-ECONOMIE<\/p>\n\n\n\n<p>Titre du module : \u00ab&nbsp;Forum mondial des \u00e9conomies de l&#8217;art (Fom\u00e9a) et ENDA \u00bb<br>\nContenu : Probl\u00e9matiques \u00e9conomiques premi\u00e8res r\u00e9flexions sur le programme \u00e9conomique. Approche \u00e9conomique des d\u00e9marches et de la nouvelle \u00c9cole nationale d&#8217;art. Suite aux rencontres de la semaine derni\u00e8re, comment penser une \u00e9cole nationale aujourd&#8217;hui, qui ne soit pas qu&#8217;un temps de formation, mais \u00e9galement un outil d&#8217;\u00e9mancipation (\u00e0 long terme) ?<br>\nM\u00e9thode : Discussion et sch\u00e9matisation<br>\nIntensit\u00e9 : Dense<br>\nIntervenant : Baptiste Pays et les praticien(ne)s<br>\nLieu : Conseil Economique Social et Environnemental<\/p>\n\n\n\n<p>Le vendredi 27 janvier 2017 de 10h00 \u00e0 13h00<\/p>\n\n\n\n<p>LDRE SUIVI<br>\nN 10 C<br>\nLDRE secondaire&nbsp;: LDRE METHODES<\/p>\n\n\n\n<p>Titre du module : \u00ab&nbsp;Cartographie du projet&nbsp;\u00bb<br>\nContenu : Deuxi\u00e8me lecture de toutes les cartographies.<br>\nDur\u00e9e&nbsp;: Chaque praticien(ne) a \u00e0 sa disposition 15 minutes pour pr\u00e9senter ses cartographies.<br>\nM\u00e9thode : Cartographie<br>\nIntensit\u00e9 : Dense<br>\nIntervenant : Baptiste Pays et les praticien(ne)s<br>\nLieu : Laboratoire d&#8217;Aubervilliers<\/p>\n\n\n\n<p>Le vendredi 27 janvier 2017 de 15h00 \u00e0 18h00<\/p>\n\n\n\n<p>LDRE DES PRATICIENS<\/p>\n\n\n\n<p>Titre du module : \u00ab&nbsp;Exercices de choix \u00bb<br>\nContenu&nbsp;: Retours sur les sept premi\u00e8res semaines du programme, ajustements et mise au point sur la situation des praticien(ne)s.<br>\nM\u00e9thode : Discussion<br>\nIntensit\u00e9 : Zan<br>\nIntervenants : Baptiste Pays et les praticien(ne)s<br>\nLieu : Rue Richelieu<\/p>\n\n\n\n<p>Le jeudi 2 f\u00e9vrier 2017 de 10h00 \u00e0 13h00<\/p>\n\n\n\n<p>LDRE STRAT\u00c9GIES<\/p>\n\n\n\n<p>Titre du module&nbsp;:&nbsp;\u00ab D\u00e9couverte de l&#8217;Etablissement de Communication et de Production Audiovisuelle de la D\u00e9fense (ECPAD) \u00bb<br>\nContenu&nbsp;:<br>\nN 1 &#8211; Titre de la premi\u00e8re partie du module : \u00ab G\u00e9n\u00e9ralit\u00e9s, introduction et notions de base&nbsp;\u00bb<br>\nN 2 &#8211; Titre de la deuxi\u00e8me partie du module : \u00ab&nbsp;Strat\u00e8ges et strat\u00e9gies&nbsp;\u00bb<br>\nN 3 &#8211; Titre de la troisi\u00e8me partie du module : \u00ab&nbsp;Introduction de la strat\u00e9gie dans l\u2019art&nbsp;\u00bb<br>\nN 4 &#8211; Titre de la quatri\u00e8me partie du module : \u00ab&nbsp;La strat\u00e9gie de l\u2019eau (ou la troisi\u00e8me voie)&nbsp;\u00bb<br>\nM\u00e9thode&nbsp;: Pr\u00e9sentation et discussions<br>\nIntensit\u00e9 : Tr\u00e8s dense<br>\nIntervenant : Lucie Moriceau et les praticien(ne)s<br>\nLieu : Etablissement de Communication et de Production Audiovisuelle de la D\u00e9fense (ECPAD).<\/p>\n\n\n\n<p>Le jeudi 2 f\u00e9vrier 2017 de 15h00 \u00e0 18h00<\/p>\n\n\n\n<p>LDRE STRATEGIES<br>\nN 5<\/p>\n\n\n\n<p>Titre de la cinqui\u00e8me partie du module : \u00ab&nbsp;Exercices de strat\u00e9gies&nbsp;\u00bb<br>\nContenu : La strat\u00e9gie est l\u2019art de concevoir et de coordonner un ensemble d\u2019actions pour atteindre un objectif. Introduire la notion de strat\u00e9gie dans l\u2019art semble indispensable lorsqu\u2019on a \u00e0 faire \u00e0 des pratiques exclues du monde de l\u2019art constitu\u00e9 et institu\u00e9, qui doivent composer parfois avec des contextes et cadres hostiles pour exister et pour se d\u00e9velopper. C\u2019est la nature d\u2019une pratique qui sugg\u00e8re les strat\u00e9gies \u00e0 adopter.<br>\nM\u00e9thode&nbsp;: Simulation de strat\u00e9gies<br>\nIntensit\u00e9 : Tr\u00e8s dense<br>\nIntervenant : Les praticien(ne)s<br>\nLieu : Etablissement de Communication et de Production Audiovisuelle de la D\u00e9fense (ECPAD).<\/p>\n\n\n\n<p>Le vendredi 3 f\u00e9vrier 2017 de 10h00 \u00e0 13h00<\/p>\n\n\n\n<p>LDRE L&#8217;INVISUEL<br>\nN 5 A<\/p>\n\n\n\n<p>Titre de la premi\u00e8re partie du module : \u00ab \u00catre liquide \u00bb<br>\nContenu : \u00ab&nbsp; \u00catre liquide&nbsp; \u00bb est l\u2019adoption d\u2019un comportement fluide susceptible de faire aboutir des objectifs que d&#8217;autres strat\u00e9gies n\u2019avaient pu r\u00e9aliser. \u00ab&nbsp; Avancer liquide&nbsp; \u00bb, soit \u00eatre liquide et en mouvement, rend possible le d\u00e9ploiement, quelque soit l&#8217;environnement ou la direction souhait\u00e9s.<br>\nMots et notions-cl\u00e9 associ\u00e9s : mall\u00e9abilit\u00e9, modification, strat\u00e9gie, viralit\u00e9, \u00e9rosion, efficacit\u00e9.<\/p>\n\n\n\n<p>N 5 B<\/p>\n\n\n\n<p>Titre de la deuxi\u00e8me partie du module : \u00ab La troisi\u00e8me voie \u00bb<br>\nContenu&nbsp; : \u00ab La troisi\u00e8me voie&nbsp; \u00bb d\u00e9signe un cheminement dans le monde de l\u2019art qui n&#8217;est, en grandes lignes, ni celui des progressistes, ni celui des conservateurs, mais une \u00ab voie lat\u00e9rale \u00bb.<br>\nExpression associ\u00e9e : \u00ab Ne pas prendre de voies trac\u00e9es est dangereux, les emprunter est fatal \u00bb.<br>\nMots et notions-cl\u00e9 associ\u00e9s : \u00ab&nbsp; d\u00e9faut exceptionnel&nbsp; \u00bb, divergence, non-alignement.<\/p>\n\n\n\n<p>N 5 C<\/p>\n\n\n\n<p>Titre de la troisi\u00e8me partie du module : \u00ab L&#8217;institution horizontale \u00bb<br>\nContenu&nbsp; : \u00ab&nbsp; L\u2019institution horizontale&nbsp; \u00bb est, dans le champ de l\u2019art, un mode d&#8217;organisation institutionnel qui donne \u00e0 chacun la libert\u00e9 d\u2019\u00eatre pleinement d\u00e9cisionnaire, tant dans sa d\u00e9marche ou ses projets que dans les conditions de leur transmission. Le pouvoir de d\u00e9cision ainsi partag\u00e9 agit sur la structure m\u00eame d\u2019une telle institution et inverse le rapport entre la personne et la structure.<br>\nExpression associ\u00e9e : \u00ab Donner bien c&#8217;est donner sans perdre \u00bb.<br>\nMots et notions-cl\u00e9 associ\u00e9s au sujet : reconfiguration, auto-organisation, dilution.<br>\nM\u00e9thode : Pr\u00e9sentation. Exemples de strat\u00e9gies : camouflage, virales, Cheval de Troie, sous-marin, infraposte\u2026 des mondes animales, techniques, psychologique\u2026<br>\nIntensit\u00e9 : Tr\u00e8s dense<br>\nIntervenant : Alexandre Gurita, Baptiste Pays et les praticien(ne)s<br>\nLieu : Pavillon de l&#8217;eau<\/p>\n\n\n\n<p>Le vendredi 3 f\u00e9vrier 2017 de 15h00 \u00e0 18h00<\/p>\n\n\n\n<p>LDRE STRATEGIE<br>\nN 5 B<\/p>\n\n\n\n<p>Titre du module : \u00ab Exercices de strat\u00e9gies \u00bb<br>\nM\u00e9thode : Exercice de \u00ab agir en liquide \u00bb, prendre une \u00ab troisi\u00e8me voie \u00bb, formuler une \u00ab institution horizontale \u00bb. Analyse des 36 stratag\u00e8mes.<br>\nIntensit\u00e9 : Dense<br>\nIntervenant : Alexandre Gurita et Baptiste Pays les praticien(ne)s<br>\nLieu : Pavillon de l&#8217;eau<\/p>\n\n\n\n<p>Le jeudi 9 f\u00e9vrier 2017 de 10h00 \u00e0 13h00<\/p>\n\n\n\n<p>LRDE&nbsp;primaire&nbsp;: LDRE SUIVI<br>\nLRDE secondaire&nbsp;: LRDE STRATEGIES<\/p>\n\n\n\n<p>Titre du module : \u00ab&nbsp;Analyse et r\u00e9capitulatif des projets ENDA\u00bb<br>\nContenu : Mise en place de protocoles de recherches et de tests en pr\u00e9vision des s\u00e9ances blanches. Mise au point sur les derni\u00e8res formulations pour un r\u00e9ajustement collectif des avanc\u00e9es personnelles.<br>\nDes nouvelles de Jules Niamen.<br>\nOptimisation des probl\u00e8mes :<\/p>\n\n\n\n<ul><li>re-d\u00e9coupage cartographique<\/li><li>\u00e9changes des projets<\/li><li>strat\u00e9gies obliques.<br>\nM\u00e9thode : Travail collectif sur les avanc\u00e9es individuelles<br>\nIntensit\u00e9 : Tr\u00e8s dense<br>\nIntervenant : Baptiste Pays et les praticien(ne)s<br>\nLieu : Conseil Economique Social et Environnemental (Palais de I\u00e9na)<\/li><\/ul>\n\n\n\n<p>Le jeudi 9 f\u00e9vrier 2017 de 15h00 \u00e0 18h00<\/p>\n\n\n\n<p>LDRE PRATIQUES<\/p>\n\n\n\n<p>Titre du module&nbsp;: \u00ab Les questions de la pratique \u00bb<br>\nContenu : D\u00e9finir sa pratique non plus en termes de t\u00e2ches mais d&#8217;emplois. Comment ma pratique qui se singularise au fur et \u00e0 mesure du travail effectu\u00e9, peut \u00eatre r\u00e9interrog\u00e9e par les diff\u00e9rents emplois que l&#8217;on peut en faire ou avoir ?<br>\nSurvivre (dans) (\u00e0) (avec) (sans) (\u2026) sa pratique &#8211; d\u00e9finition<br>\nM\u00e9thode : Test et r\u00e9ajustement d&#8217;un protocole<br>\nIntensit\u00e9 : Dense<br>\nIntervenant : Baptiste Pays et les praticien(ne)s<br>\nLieu : Conseil Economique Social et Environnemental (Palais de I\u00e9na)<\/p>\n\n\n\n<p>Le vendredi 10 f\u00e9vrier 2017 de 10h00 \u00e0 13h00<\/p>\n\n\n\n<p>LDRE primaire&nbsp;: LDRE L&#8217;INVISUEL<br>\nN 4<br>\nLDRE secondaires&nbsp;: LDRE POLITIQUE, LDRE STRATEGIE<\/p>\n\n\n\n<p>Titre du module : \u00ab&nbsp;Penser l\u2019art VS \u00catre pens\u00e9 par l\u2019art.&nbsp;\u00bb<br>\nContenu : \u00ab&nbsp; Penser l&#8217;art&nbsp; \u00bb consiste \u00e0 d\u00e9ployer son mental et ses activit\u00e9s artistiques en suivant ses propres lois. \u00ab&nbsp; \u00catre pens\u00e9 par l&#8217;art&nbsp; \u00bb, \u00e0 l\u2019encontre, consiste \u00e0 adopter ou m\u00eame \u00e0 subir, sur le plan de l\u2019art, la fa\u00e7on de voir des autres. \u00ab&nbsp; Penser l\u2019art&nbsp; \u00bb doit s&#8217;imposer comme un minimum vital incontournable. Une pr\u00e9sentation de cette affirmation suivie des discussions sur les positionnements des praticien(ne)s dans le contexte de l&#8217;art. Les praticien(ne)s auront \u00e0 r\u00e9pondre et \u00e0 d\u00e9battre sur la question \u00ab&nbsp;Dans ce monde et dans ce monde de l&#8217;art, comment je me situe ?&nbsp;\u00bb De ce rapport et positionnement d\u00e9coulera logiquement la strat\u00e9gie, l&#8217;\u00e9conomie et tous les autres aspects du projet de session voire de la d\u00e9marche.<br>\nExpression associ\u00e9e : \u00ab Ne pas avoir de projet, c&#8217;est travailler pour le projet des autres \u00bb.Mots et notions-cl\u00e9 associ\u00e9s : subjectivit\u00e9, authenticit\u00e9, singularit\u00e9, \u00e9thique personnelle, libert\u00e9, renforcement ou affaiblissement par l&#8217;art, subjectivit\u00e9 ou nullit\u00e9, soumission ou d\u00e9sob\u00e9issance, \u00ab&nbsp; pratique inconforme&nbsp; \u00bb.<br>\nM\u00e9thode : Pr\u00e9sentation et exercices pratiques de \u00ab&nbsp;penser l&#8217;art&nbsp;\u00bb et \u00ab&nbsp;\u00eatre pens\u00e9 par l&#8217;art&nbsp;\u00bb.<br>\nIntensit\u00e9 : Dense<br>\nIntervenant : Alexandre Gurita<br>\nLieu : Institut Culturel Bulgare<\/p>\n\n\n\n<p>Le vendredi 10 f\u00e9vrier 2017 de 15h00 \u00e0 18h00<\/p>\n\n\n\n<p>LRDE POLITIQUE<br>\nLRDE METHODES<\/p>\n\n\n\n<p>Titre du module&nbsp;: \u00ab Pr\u00e9sentation de G&#8217;old Time Solution \u00bb<br>\nContenu&nbsp;: G&#8217;old Time est la premi\u00e8re maison de retraite virtuelle qui propose d&#8217;imaginer collectivement un syst\u00e8me de retrait personnalis\u00e9 \u2013 \u00e0 inventer, \u00e0 sp\u00e9culer ou \u00e0 tester directement, selon vos besoins. Install\u00e9 dans un lieu de retrait parmi les plus traditionnels, G\u2019old Time mise sur l\u2019h\u00e9ritage d\u2019un espace-temps bient\u00f4t r\u00e9volu : la maison de retraite. En mettant directement \u00e0 contribution l\u2019expertise de ses jouisseurs actuels, nous vous assurons une convivialit\u00e9 future et la possibilit\u00e9 de vous m\u00e9nager un acc\u00e8s imm\u00e9diat \u00e0 un lointain incertain. Etudes des retraits possibles.<br>\nM\u00e9thode&nbsp;: Pr\u00e9sentation et discussions, atelier de retraits<br>\nIntensit\u00e9&nbsp;: Vide<br>\nIntervenant&nbsp;: Mathilde Ganancia et les praticien(ne)s<br>\nLieu&nbsp;: Maison de retraite EHPAD Diane Benvenuti<\/p>\n\n\n\n<p>Le jeudi 16 f\u00e9vrier 2017 de 10h00 \u00e0 13h00<\/p>\n\n\n\n<p>LDRE SUIVI<br>\nN 14 A<\/p>\n\n\n\n<p>Titre du module : \u00ab&nbsp;Introduction au rapport de session \u00bb<br>\nContenu : Pr\u00e9sentation du plan du rapport de session et exemples de rapports des anciens. Les praticien(ne)s devront \u00e9baucher le plan de leur rapport de session. Ce plan devra contenir le projet de session. Nombre de pages du rapport de session&nbsp;: 35 pages.<br>\nIl sera structur\u00e9 comme suit :<\/p>\n\n\n\n<ul><li>la lettre de motivation envoy\u00e9e lors de la candidature \u00e0 l&#8217;ENDA (1 page)<\/li><li>un chap\u00eetre d&#8217;introduction (3 pages)<\/li><li>un chap\u00eetre mentionnant la d\u00e9marche (1 page)<\/li><li>un chap\u00eetre mentionnant le rapport entre la d\u00e9marche et les projets (1 page)<\/li><li>un chap\u00eetre mentionnant le projet de session (avec une documentation en annexe) y compris les sch\u00e9mas r\u00e9alis\u00e9s avec les logiciels de mind-mapping (15 pages)<\/li><li>un chapitre mentionnant un r\u00e9sum\u00e9 du projet hors-programme. x&nbsp;: Biennale de Paris au Guatemala, Biennale de Paris au Luxembourg\u2026 (2 pages)<\/li><li>un chap\u00eetre ou il sera question de l&#8217;inscription du projet dans l&#8217;histoire de l&#8217;art (1 page)<\/li><li>un tableau avec deux colonnes \u00ab avant\/apr\u00e8s \u00bb (1 page)<\/li><li>un tableau avec deux colonnes, observation positive, observation n\u00e9gative (1 page)<\/li><li>un chap\u00eetre mentionnant une perspective (1 page)<\/li><li>un chapitre blanc (5 pages)<\/li><li>une conclusion (2 pages)<\/li><li>des annexes<br>\nM\u00e9thode : Pr\u00e9sentation et discussions et exemple de rapport d&#8217;activit\u00e9s des sessions pr\u00e9c\u00e9dentes de Paris et New-York.<br>\nIntensit\u00e9 : Tr\u00e8s dense<br>\nIntervenant : Alexandre Gurita<br>\nLieu : H\u00f4tel Salomon de Rothschild<\/li><\/ul>\n\n\n\n<p>Le jeudi 16 f\u00e9vrier 2017 de 15h00 \u00e0 18h00<\/p>\n\n\n\n<p>LRDE SUIVI<br>\nLRDE PRATIQUES<\/p>\n\n\n\n<p>Titre du module&nbsp;: \u00ab Survie 1\/4 &#8211; Urgences et parcours personnels \u00bb<br>\nContenu&nbsp;: Essaie du protocole bruxellois et r\u00e9ajustement en fonction de l&#8217;avanc\u00e9 du travail (et du plan?). Exercice collectif d&#8217;interrogations personnelles sur les urgences li\u00e9es \u00e0 sa pratique. Il consid\u00e8re \u00e9galement les moyens et les strat\u00e9gies possibles pour questionner la r\u00e9ussite de cette pratique, et la pratique de cette r\u00e9ussite.<br>\nM\u00e9thode&nbsp;: Test d&#8217;un protocole et r\u00e9ajustements<br>\nIntervenant : Alexandre Gurita, Baptiste Pays et les praticien(ne)s<br>\nLieu : H\u00f4tel Salomon de Rothschild<\/p>\n\n\n\n<p>Le vendredi 17 f\u00e9vrier 2017 de 10h00 \u00e0 13h00<\/p>\n\n\n\n<p>LRDE SUIVI<br>\nLRDE PRATIQUES<\/p>\n\n\n\n<p>Titre du module : \u00ab&nbsp;Survie 2\/4 &#8211; Pratiquer un monde consensuel \u00bb<br>\nContenu : Monde#1 &#8211; Dessiner le territoire d&#8217;existence de votre pratique. Des acteurs, des structures, des comportements et un syst\u00e8me de circulation (type d&#8217;\u00e9conomie, emploi du temps, relations sociales\u2026). Il s\u2019agira de d&#8217;adopter tour \u00e0 tour les diff\u00e9rentes postures propres aux territoires d&#8217;existences. Dans les conditions finales, le dessin de ces territoires (monde #1 et #2) devrait \u00eatre le cadre de votre vie pour deux jours.<br>\nM\u00e9thode : Test d&#8217;un protocole et r\u00e9ajustements.<br>\nIntensit\u00e9 : Tr\u00e8s dense<br>\nIntervenant : Alexandre Gurita, Baptiste Pays et les praticien(ne)s<br>\nLieu : Les grands voisins<\/p>\n\n\n\n<p>Le vendredi 17 f\u00e9vrier 2017 de 15h00 \u00e0 18h00<\/p>\n\n\n\n<p>LDRE DES praticien(ne)s<\/p>\n\n\n\n<p>Premi\u00e8re partie du module<br>\nTitre du module : \u00ab&nbsp;Survie 3\/4 Pratiquer un monde pr\u00e9caire \u00bb<br>\nContenu : Monde#2 &#8211; Et si ce n&#8217;est pas ce monde ? Lequel est-ce ? Certains territoires sont construits en d\u00e9calage des r\u00e9alit\u00e9s inh\u00e9rentes aux champs d&#8217;existences de nos pratiques. Monde#1 est devenu en une nuit un territoire pr\u00e9caire (Monde#2). Un territoire pr\u00e9caire \u00e0 cette propension \u00e0 changer aussi rapidement que les cours de la bourse, les bouleversements climatiques et les d\u00e9cisions politiques, qui remettent en cause l&#8217;ensemble de ses infrastructures. Il faut maintenant s&#8217;associer pour le red\u00e9finir, en fonction de votre pratique.<br>\nM\u00e9thode&nbsp;: Jeux<br>\nIntensit\u00e9 : L\u00e9g\u00e8re<br>\nIntervenant : Alexandre Gurita, Baptiste Pays et les praticien(ne)s<br>\nLieu : Les grands voisins<\/p>\n\n\n\n<p>Deuxi\u00e8me partie du module<br>\nTitre du module : \u00ab Survie 4\/4 &#8211; \u00ab D\u00e9localiser \u00bb sa pratique \u00bb<br>\nM\u00e9thode : Pratiquer la r\u00e9alit\u00e9<br>\nIntensit\u00e9 : Maintenue<br>\nIntervenant : Alexandre Gurita, Baptiste Pays et les praticien(ne)s<br>\nLieu : Les grands voisins<\/p>\n\n\n\n<p>Le jeudi 23 f\u00e9vrier 2017 de 10h00 \u00e0 13h00<\/p>\n\n\n\n<p>LDRE CULTURE GENERALE<\/p>\n\n\n\n<p>Titre du module : \u00ab Intervention du chercheur associ\u00e9 et praticien \u00e0 l&#8217;ENDA \u00bb<br>\nContenu : L\u2019enqu\u00eate en art(s) : approche situationnelle de la notion d\u2019oeuvre \u00e0 l\u2019\u00e9poque contemporaine. Enqu\u00eate ethnographique comparative d\u2019inspiration ethnom\u00e9thodologique et d\u2019analyse de conversation, sur les pratiques artistiques et para-artistiques s\u2019articulant autour de la notion d\u2019oeuvre. Inclue actuellement la musique contemporaine, l\u2019art contemporain, la p\u00e9dagogie artistique en contexte extra-occidental.<br>\nM\u00e9thode : Rencontre et discussions.<br>\nIntensit\u00e9 : Difficile<br>\nIntervenant : Ars\u00e8ne Caens<br>\nLieu : H\u00f4tel Salomon de Rothschild<\/p>\n\n\n\n<p>Le jeudi 23 f\u00e9vrier 2017 de 15h00 \u00e0 18h00<\/p>\n\n\n\n<p>LRDE SUIVI<br>\nLRDE DROIT<\/p>\n\n\n\n<p>N 15 \u00ab&nbsp;Aspects techniques du projet de session&nbsp;\u00bb<br>\nN 16 \u00ab&nbsp;Partage des ressources au service du projet&nbsp;\u00bb<br>\nN 17 \u00ab&nbsp;Aspects non pr\u00e9vus&nbsp;\u00bb<\/p>\n\n\n\n<p>Titre du module&nbsp;: \u00ab Un point sur la situation des praticien(ne)s \u00bb<br>\nPremi\u00e8re partie du module<br>\nContenu&nbsp;: Pr\u00e9sentation des recherches de No\u00e9mie Coudray sur des mod\u00e8les \u00e9conomiques alternatifs \u00e0 la Maison des artistes (CESU, coop\u00e9rative, EURL, SARL).<\/p>\n\n\n\n<p>Deuxi\u00e8me partie du module<br>\nContenu&nbsp;: Antoine Legrand met \u00e0 plat les finances de son quotidien et le projet du quotidien \/ une strat\u00e9gie pour plumer les galeries : les vaporeuses ?<\/p>\n\n\n\n<p>Troisi\u00e8me partie du module<br>\nContenu&nbsp;: Marie Roussel prend le temps de nous pr\u00e9senter ses temps (perdu\/vol\u00e9\/libre\u2026).<br>\nM\u00e9thode&nbsp;: \u00e9tapes de rechecrhe et discussions<br>\nIntensit\u00e9&nbsp;: Difficile<br>\nIntervenants : No\u00e9mie Coudray, Antoine Legrand et Marie Roussel.<br>\nLieu : H\u00f4tel Salomon de Rothschild<\/p>\n\n\n\n<p>Le vendredi 24 f\u00e9vrier 2017 de 10h00 \u00e0 13h00<\/p>\n\n\n\n<p>LDRE STRATEGIES<br>\nLDRE PROJET INTERNE<\/p>\n\n\n\n<p>Premi\u00e8re partie du module<br>\nTitre du module&nbsp;: \u00ab&nbsp;Mise en commun des pr\u00e9paratifs d&#8217;actions&nbsp;\u00bb<br>\nLes praticien(ne)s pr\u00e9sentent les diff\u00e9rentes modalit\u00e9s d&#8217;action :<\/p>\n\n\n\n<ul><li>sur l&#8217;organisation de leur temps<\/li><li>sur une disparition collective ou individuelle<\/li><li>sur une perturbation cibl\u00e9e<\/li><li>sur l&#8217;analyse de l&#8217;infrastructure de leur quotidien<\/li><\/ul>\n\n\n\n<p>Deuxi\u00e8me partie du module<br>\nTitre du module&nbsp;: \u00ab&nbsp;Rencontre (retour) avec Gary Bigot \u00bb<br>\nContenu&nbsp;: Comment tirer profit de la thermo-hygrom\u00e9trie ? Rencontre retour qui sera l&#8217;occasion pour les praticien(ne)s de pr\u00e9senter leurs travaux sur la thermo- hygrom\u00e9trie.<br>\nM\u00e9thode : Rencontre et discussion<br>\nIntensit\u00e9 : Dense<br>\nIntervenant : Gary Bigot et les praticien(ne)s<br>\nLieu : Conseil Economique Social et Environnemental (Palais de I\u00e9na)<\/p>\n\n\n\n<p>Le vendredi 24 f\u00e9vrier 2017 de 15h00 \u00e0 18h00<\/p>\n\n\n\n<p>LDRE STRATEGIES<br>\nLDRE PROJET INTERNE<\/p>\n\n\n\n<p>Titre du module&nbsp;: \u00ab&nbsp;Module Action&nbsp;\u00bb<br>\nContenu&nbsp;: L&#8217;Ecole nationale d&#8217;art est une \u00e9cole o\u00f9 la th\u00e9orie et la pratique n&#8217;existent pas ind\u00e9pendamment l&#8217;une de l&#8217;autre. Il s&#8217;agira dans ce module d&#8217;action de tester les protocoles dessin\u00e9s le matin.<br>\nM\u00e9thode&nbsp;: Action<br>\nIntensit\u00e9 : Dense<br>\nIntervenant : Gary Bigot et les praticien(ne)s<br>\nLieu : Conseil Economique Social et Environnemental (Palais de I\u00e9na)<\/p>\n\n\n\n<p>Le lundi 27 f\u00e9vrier 2017 de 14h00 \u00e0 18h00<\/p>\n\n\n\n<p>LDRE PROJET EXTERNE<\/p>\n\n\n\n<p>Titre du module&nbsp;: \u00ab&nbsp;Pr\u00e9sentation publique de la Biennale de Paris au Guatemala&nbsp;\u00bb<br>\nContenu : Kristina Cordon, coordonnatrice de la Biennale de Paris au Guatemala, et Alexandre Gurita, directeur de la Biennale de Paris, exposeront le projet s\u2019articulant autour de la th\u00e9matique :&nbsp;l&#8217;art comme v\u00e9hicule pour l&#8217;\u00e9ducation.Les modalit\u00e9s de participation \u00e0 la biennale et les dossiers de candidature vous seront remis lors de la pr\u00e9sentation.<br>\nM\u00e9thode&nbsp;: Pr\u00e9sentation et discussions<br>\nIntensit\u00e9&nbsp;: Dense<br>\nIntervenants&nbsp;: Kristina Cordon et les praticien(ne)s<br>\nLieu&nbsp;: Maison de l&#8217;Am\u00e9rique Latine<\/p>\n\n\n\n<p>Le mercredi 1 mars 2017 \u00e0 20h<\/p>\n\n\n\n<p>LDRE CONVIVIALITE<br>\nN2<\/p>\n\n\n\n<p>Titre du module&nbsp;: \u00ab&nbsp;Repas des praticien(ne)s&nbsp;\u00bb<br>\nContenu :&nbsp;Repas organis\u00e9 par les praticien(ne)s<br>\nM\u00e9thode&nbsp;: Convivialit\u00e9<br>\nIntensit\u00e9&nbsp;: Vide<br>\nIntervenants&nbsp;: Renaud Caudron, Alexandre Gurita, Baptiste Pays, et les praticien(ne)s<br>\nLieu&nbsp;: Rue Richelieu<\/p>\n\n\n\n<p>\u2014<\/p>\n","protected":false},"excerpt":{"rendered":"<p>Le programme ci dessous reprend et organise les normes acad\u00e9miques ainsi que les Lignes de Recherches et d\u2019Exp\u00e9rimentation (LDRE) sp\u00e9cifiques \u00e0 l&#8217;ENDA. Il est en revanche propre \u00e0 la session XII qui suit actuellement le programme 2017 (du 28 novembre 2017 au 7 juillet 2017). Indications de lecture LDRE = Lignes de Recherches et d\u2019Exp\u00e9rimentation [&hellip;]<\/p>\n","protected":false},"author":1,"featured_media":0,"parent":0,"menu_order":0,"comment_status":"closed","ping_status":"closed","template":"","meta":{"_coblocks_attr":"","_coblocks_dimensions":"","_coblocks_responsive_height":"","_coblocks_accordion_ie_support":"","footnotes":""},"_links":{"self":[{"href":"https:\/\/www.enda.fr\/es\/wp-json\/wp\/v2\/pages\/3832"}],"collection":[{"href":"https:\/\/www.enda.fr\/es\/wp-json\/wp\/v2\/pages"}],"about":[{"href":"https:\/\/www.enda.fr\/es\/wp-json\/wp\/v2\/types\/page"}],"author":[{"embeddable":true,"href":"https:\/\/www.enda.fr\/es\/wp-json\/wp\/v2\/users\/1"}],"replies":[{"embeddable":true,"href":"https:\/\/www.enda.fr\/es\/wp-json\/wp\/v2\/comments?post=3832"}],"version-history":[{"count":2,"href":"https:\/\/www.enda.fr\/es\/wp-json\/wp\/v2\/pages\/3832\/revisions"}],"predecessor-version":[{"id":3834,"href":"https:\/\/www.enda.fr\/es\/wp-json\/wp\/v2\/pages\/3832\/revisions\/3834"}],"wp:attachment":[{"href":"https:\/\/www.enda.fr\/es\/wp-json\/wp\/v2\/media?parent=3832"}],"curies":[{"name":"wp","href":"https:\/\/api.w.org\/{rel}","templated":true}]}}