{"id":3861,"date":"2020-03-01T17:03:32","date_gmt":"2020-03-01T16:03:32","guid":{"rendered":"http:\/\/www.enda.fr\/?page_id=3861"},"modified":"2020-03-02T22:50:33","modified_gmt":"2020-03-02T21:50:33","slug":"programme-d-allegement-curatorial","status":"publish","type":"page","link":"https:\/\/www.enda.fr\/es\/programme-d-allegement-curatorial\/","title":{"rendered":"Programme de d&#8217;all\u00e9gement curatorial"},"content":{"rendered":"\n<p>Ce programme sp\u00e9cial se base sur l\u2019\u00e9mergence de pratiques artistiques qui&nbsp;depuis ces derni\u00e8res ann\u00e9es remettent en question le format de l\u2019exposition tel qu\u2019il est couramment r\u00e9pandu.&nbsp;Certaines de ces pratiques et d\u00e9marches artistiques peu connues dans le secteur de l\u2019art, vont encore plus loin et se dispensent totalement de l\u2019exposition comme modalit\u00e9 d\u2019existence.<\/p>\n\n\n\n<p>Dans ce contexte comment la notion d\u2019exposition peut-elle \u00e9voluer ou se transformer afin d\u2019int\u00e9grer ces pratiques et d\u00e8s lors comment le commissaire d\u2019exposition r\u00e9pond \u00e0 ce d\u00e9fi qui questionne son propre r\u00f4le ?<\/p>\n\n\n\n<p>Lors de ce programme les participant.e.s auront l\u2019occasion de d\u00e9couvrir certaines de ces d\u00e9marches&nbsp;et d\u2019exp\u00e9rimenter concr\u00e8tement de nouvelles modalit\u00e9s de pr\u00e9sentation qui par la m\u00eame red\u00e9finiront leurs places et leurs statuts.<\/p>\n\n\n\n<h3 class=\"wp-block-heading\">Objectifs du programme<\/h3>\n\n\n\n<ul><li>Exp\u00e9rimenter des modalit\u00e9s de monstration affranchies des mod\u00e8les impos\u00e9es,<\/li><li>Prospecter des nouvelles mani\u00e8res d\u2019\u00eatre \u00e0 l\u2019art,<\/li><li>B\u00e9n\u00e9ficier d\u2019un cadre qui incite \u00e0 l\u2019inventivit\u00e9,<\/li><li>Se forger un point de vue inattendu sur l\u2019art,<\/li><li>Envisager des modalit\u00e9s d\u2019actions n\u00e9cessitant des moyens financiers n\u00e9gligeables ou nuls,<\/li><li>Reformuler l\u2019\u00e9conomie propre \u00e0 l\u2019exposition en impliquant d\u2019autres secteurs d\u2019activit\u00e9s,<\/li><li>R\u00e9pondre aux d\u00e9fis \u00e9conomiques du secteur de la culture,<\/li><li>Faire vivre et d\u00e9velopper son projet sur le long terme,<\/li><li>Repenser l\u2019autonomie de l\u2019exposition,<\/li><li>Appliquer des comp\u00e9tences acquises \u00e0 tous les aspects de sa vie professionnelle et priv\u00e9e,<\/li><li>Imaginer de multiples mani\u00e8res pour se reformuler,<\/li><li>Offrir \u00e0 tous les outils permettant de devenir le curateur de demain.<\/li><\/ul>\n","protected":false},"excerpt":{"rendered":"<p>Ce programme sp\u00e9cial se base sur l\u2019\u00e9mergence de pratiques artistiques qui&nbsp;depuis ces derni\u00e8res ann\u00e9es remettent en question le format de l\u2019exposition tel qu\u2019il est couramment r\u00e9pandu.&nbsp;Certaines de ces pratiques et d\u00e9marches artistiques peu connues dans le secteur de l\u2019art, vont encore plus loin et se dispensent totalement de l\u2019exposition comme modalit\u00e9 d\u2019existence. Dans ce contexte [&hellip;]<\/p>\n","protected":false},"author":1,"featured_media":0,"parent":0,"menu_order":0,"comment_status":"closed","ping_status":"closed","template":"","meta":{"_coblocks_attr":"","_coblocks_dimensions":"","_coblocks_responsive_height":"","_coblocks_accordion_ie_support":"","footnotes":""},"_links":{"self":[{"href":"https:\/\/www.enda.fr\/es\/wp-json\/wp\/v2\/pages\/3861"}],"collection":[{"href":"https:\/\/www.enda.fr\/es\/wp-json\/wp\/v2\/pages"}],"about":[{"href":"https:\/\/www.enda.fr\/es\/wp-json\/wp\/v2\/types\/page"}],"author":[{"embeddable":true,"href":"https:\/\/www.enda.fr\/es\/wp-json\/wp\/v2\/users\/1"}],"replies":[{"embeddable":true,"href":"https:\/\/www.enda.fr\/es\/wp-json\/wp\/v2\/comments?post=3861"}],"version-history":[{"count":2,"href":"https:\/\/www.enda.fr\/es\/wp-json\/wp\/v2\/pages\/3861\/revisions"}],"predecessor-version":[{"id":3967,"href":"https:\/\/www.enda.fr\/es\/wp-json\/wp\/v2\/pages\/3861\/revisions\/3967"}],"wp:attachment":[{"href":"https:\/\/www.enda.fr\/es\/wp-json\/wp\/v2\/media?parent=3861"}],"curies":[{"name":"wp","href":"https:\/\/api.w.org\/{rel}","templated":true}]}}